{"id":570,"date":"2019-03-18T10:38:12","date_gmt":"2019-03-18T09:38:12","guid":{"rendered":"https:\/\/www.asf-brandenburg.de\/asf_wp\/?page_id=570"},"modified":"2026-06-12T11:49:46","modified_gmt":"2026-06-12T09:49:46","slug":"familientreff-spremberg-angebote-fuer-familien","status":"publish","type":"page","link":"https:\/\/www.asf-brandenburg.de\/asf_wp\/einrichtungen\/familientreff-spremberg-angebote-fuer-familien\/","title":{"rendered":"Familientreff Spremberg"},"content":{"rendered":"<div class=\"fusion-fullwidth fullwidth-box fusion-builder-row-1 nonhundred-percent-fullwidth non-hundred-percent-height-scrolling\" style=\"--awb-background-position:left top;--awb-border-sizes-top:0px;--awb-border-sizes-bottom:0px;--awb-border-sizes-left:0px;--awb-border-sizes-right:0px;--awb-border-radius-top-left:0px;--awb-border-radius-top-right:0px;--awb-border-radius-bottom-right:0px;--awb-border-radius-bottom-left:0px;--awb-padding-top:10px;--awb-padding-bottom:0px;--awb-flex-wrap:wrap;\" ><div class=\"fusion-builder-row fusion-row\"><div class=\"fusion-layout-column fusion_builder_column fusion-builder-column-0 fusion_builder_column_1_4 1_4 fusion-one-fourth fusion-column-first fusion-no-small-visibility\" style=\"--awb-bg-blend:overlay;--awb-bg-size:cover;width:22%; margin-right: 4%;\"><div class=\"fusion-column-wrapper fusion-column-has-shadow fusion-flex-column-wrapper-legacy\"><div class=\"fusion-widget-area awb-widget-area-element fusion-widget-area-1 fusion-content-widget-area\" style=\"--awb-title-size:22px;--awb-title-color:#303030;--awb-padding:0px 0px 0px 0px;\">\t\t\t<div class=\"textwidget\"><h3>Einrichtungen<\/h3>\n<\/div>\n\t\t<style type=\"text\/css\" data-id=\"avada-vertical-menu-widget-8\">#avada-vertical-menu-widget-8 > ul.menu { margin-top: -8px; }<\/style><style>#fusion-vertical-menu-widget-avada-vertical-menu-widget-8-nav ul.menu li a {font-size:13px;}<\/style><nav id=\"fusion-vertical-menu-widget-avada-vertical-menu-widget-8-nav\" class=\"fusion-vertical-menu-widget fusion-menu hover left no-border\" aria-label=\"Secondary Navigation: \"><ul id=\"menu-einrichtungen\" class=\"menu\"><li id=\"menu-item-264\" class=\"menu-item menu-item-type-post_type menu-item-object-page menu-item-264\"><a href=\"https:\/\/www.asf-brandenburg.de\/asf_wp\/einrichtungen\/ambulante-erziehungshilfen-in-brandenburg-albert-schweitzer-familienwerk\/\"><span class=\"link-text\"> Ambulante Erziehungshilfen<\/span><span class=\"arrow\"><\/span><\/a><\/li><li id=\"menu-item-335\" class=\"menu-item menu-item-type-post_type menu-item-object-page menu-item-335\"><a href=\"https:\/\/www.asf-brandenburg.de\/asf_wp\/einrichtungen\/eingliederungshilfe-in-brandenburg-albert-schweitzer-familienwerk\/\"><span class=\"link-text\"> Eingliederungshilfe<\/span><span class=\"arrow\"><\/span><\/a><\/li><li id=\"menu-item-620\" class=\"menu-item menu-item-type-post_type menu-item-object-page menu-item-620\"><a href=\"https:\/\/www.asf-brandenburg.de\/asf_wp\/einrichtungen\/eltern-kind-gruppe-in-brandenburg-albert-schweitzer-familienwerk\/\"><span class=\"link-text\"> Eltern-Kind-Gruppe<\/span><span class=\"arrow\"><\/span><\/a><\/li><li id=\"menu-item-265\" class=\"menu-item menu-item-type-post_type menu-item-object-page menu-item-265\"><a href=\"https:\/\/www.asf-brandenburg.de\/asf_wp\/einrichtungen\/erziehungs-und-familienberatung-in-brandenburg-albert-schweitzer-familienwerk\/\"><span class=\"link-text\"> Erziehungs- und Familienberatungsstelle<\/span><span class=\"arrow\"><\/span><\/a><\/li><li id=\"menu-item-577\" class=\"menu-item menu-item-type-post_type menu-item-object-page menu-item-577\"><a href=\"https:\/\/www.asf-brandenburg.de\/asf_wp\/einrichtungen\/familientreff-spremberg-angebote-fuer-familien\/\"><span class=\"link-text\"> Familientreff Spremberg<\/span><span class=\"arrow\"><\/span><\/a><\/li><li id=\"menu-item-579\" class=\"menu-item menu-item-type-post_type menu-item-object-page menu-item-579\"><a href=\"https:\/\/www.asf-brandenburg.de\/asf_wp\/einrichtungen\/familientreff-welzow-angebote-fuer-familien-albert-schweitzer-familienwerk\/\"><span class=\"link-text\"> Familientreff Welzow<\/span><span class=\"arrow\"><\/span><\/a><\/li><li id=\"menu-item-263\" class=\"menu-item menu-item-type-post_type menu-item-object-page menu-item-263\"><a href=\"https:\/\/www.asf-brandenburg.de\/asf_wp\/einrichtungen\/fruehfoerderstelle-in-brandenburg-mobile-ambulante-hilfe-albert-schweitzer-familienwerk\/\"><span class=\"link-text\"> Fr\u00fchf\u00f6rder- und Beratungsstelle<\/span><span class=\"arrow\"><\/span><\/a><\/li><li id=\"menu-item-613\" class=\"menu-item menu-item-type-post_type menu-item-object-page menu-item-613\"><a href=\"https:\/\/www.asf-brandenburg.de\/asf_wp\/einrichtungen\/hort-sellessen-haidemuehl-betreuung-fuer-schulkinder-albert-schweitzer-familienwerk\/\"><span class=\"link-text\"> Hort Sellessen \/ Haidem\u00fchl<\/span><span class=\"arrow\"><\/span><\/a><\/li><li id=\"menu-item-337\" class=\"menu-item menu-item-type-post_type menu-item-object-page menu-item-337\"><a href=\"https:\/\/www.asf-brandenburg.de\/asf_wp\/einrichtungen\/selbsthilfe-spremberg-kiss-kontakt-und-informationsstelle-albert-schweitzer-familienwerk\/\"><span class=\"link-text\"> KISS Spremberg (Kontakt- und Informationsstelle Selbsthilfe)<\/span><span class=\"arrow\"><\/span><\/a><\/li><li id=\"menu-item-980\" class=\"menu-item menu-item-type-post_type menu-item-object-page menu-item-has-children menu-item-980\"><a href=\"https:\/\/www.asf-brandenburg.de\/asf_wp\/einrichtungen\/kita-graustein-kindertagesstaette-fuer-kinder-in-graustein-albert-schweitzer-familienwerk\/\"><span class=\"link-text\"> Kitas<\/span><span class=\"arrow\"><\/span><\/a><ul class=\"sub-menu\"><li id=\"menu-item-334\" class=\"menu-item menu-item-type-post_type menu-item-object-page menu-item-334\"><a href=\"https:\/\/www.asf-brandenburg.de\/asf_wp\/einrichtungen\/kita-graustein-kindertagesstaette-fuer-kinder-in-graustein-albert-schweitzer-familienwerk\/\"><span class=\"link-text\"> Kita Graustein<\/span><span class=\"arrow\"><\/span><\/a><\/li><li id=\"menu-item-333\" class=\"menu-item menu-item-type-post_type menu-item-object-page menu-item-333\"><a href=\"https:\/\/www.asf-brandenburg.de\/asf_wp\/einrichtungen\/kita-gross-luja-kindertagesstaette-fuer-kinder-in-gross-luja-albert-schweitzer-familienwerk\/\"><span class=\"link-text\"> Kita Gro\u00df Luja<\/span><span class=\"arrow\"><\/span><\/a><\/li><li id=\"menu-item-336\" class=\"menu-item menu-item-type-post_type menu-item-object-page menu-item-336\"><a href=\"https:\/\/www.asf-brandenburg.de\/asf_wp\/einrichtungen\/kita-hummelnest-kindertagesstaette-fuer-kinder-in-spremberg-albert-schweitzer-familienwerk\/\"><span class=\"link-text\"> Kita &#8222;Hummelnest&#8220;<\/span><span class=\"arrow\"><\/span><\/a><\/li><li id=\"menu-item-367\" class=\"menu-item menu-item-type-post_type menu-item-object-page menu-item-367\"><a href=\"https:\/\/www.asf-brandenburg.de\/asf_wp\/einrichtungen\/kita-schwarze-pumpe-kindertagesstaette-fuer-kinder-albert-schweitzer-familienwerk\/\"><span class=\"link-text\"> Kita Schwarze Pumpe<\/span><span class=\"arrow\"><\/span><\/a><\/li><\/ul><\/li><li id=\"menu-item-586\" class=\"menu-item menu-item-type-post_type menu-item-object-page menu-item-586\"><a href=\"https:\/\/www.asf-brandenburg.de\/asf_wp\/einrichtungen\/offener-jugendtreff-spremberg-angebote-fuer-jugendliche-albert-schweitzer-familienwerk\/\"><span class=\"link-text\"> Offener Jugendtreff Spremberg<\/span><span class=\"arrow\"><\/span><\/a><\/li><li id=\"menu-item-653\" class=\"menu-item menu-item-type-post_type menu-item-object-page menu-item-653\"><a href=\"https:\/\/www.asf-brandenburg.de\/asf_wp\/einrichtungen\/offene-werkstatt-spremberg-kreativ-und-freizeitangebote-albert-schweitzer-familienwerk\/\"><span class=\"link-text\"> Offene Werkstatt Spremberg<\/span><span class=\"arrow\"><\/span><\/a><\/li><li id=\"menu-item-262\" class=\"menu-item menu-item-type-post_type menu-item-object-page menu-item-262\"><a href=\"https:\/\/www.asf-brandenburg.de\/asf_wp\/einrichtungen\/praxis-fuer-logopaedie-in-spremberg-sprachtherapie-fuer-kinder-erwachsene\/\"><span class=\"link-text\"> Praxis f\u00fcr Logop\u00e4die<\/span><span class=\"arrow\"><\/span><\/a><\/li><li id=\"menu-item-607\" class=\"menu-item menu-item-type-post_type menu-item-object-page menu-item-607\"><a href=\"https:\/\/www.asf-brandenburg.de\/asf_wp\/einrichtungen\/schulsozialarbeit-in-brandenburg-unterstuetzung-an-schulen-albert-schweitzer-familienwerk\/\"><span class=\"link-text\"> Schulsozialarbeit<\/span><span class=\"arrow\"><\/span><\/a><\/li><li id=\"menu-item-6021\" class=\"menu-item menu-item-type-post_type menu-item-object-page menu-item-6021\"><a href=\"https:\/\/www.asf-brandenburg.de\/asf_wp\/einrichtungen\/stadtchor-spremberg-chor-fuer-singbegeisterte-menschen-albert-schweitzer-familienwerk\/\"><span class=\"link-text\"> Stadtchor Spremberg<\/span><span class=\"arrow\"><\/span><\/a><\/li><li id=\"menu-item-2130\" class=\"menu-item menu-item-type-post_type menu-item-object-page menu-item-has-children menu-item-2130\"><a href=\"https:\/\/www.asf-brandenburg.de\/asf_wp\/einrichtungen\/tafel-projekte\/\"><span class=\"link-text\"> Tafel-Projekte<\/span><span class=\"arrow\"><\/span><\/a><ul class=\"sub-menu\"><li id=\"menu-item-1454\" class=\"menu-item menu-item-type-post_type menu-item-object-page menu-item-1454\"><a href=\"https:\/\/www.asf-brandenburg.de\/asf_wp\/einrichtungen\/tafel-projekte\/tafel-spremberg\/\"><span class=\"link-text\"> Tafel Spremberg<\/span><span class=\"arrow\"><\/span><\/a><\/li><li id=\"menu-item-2135\" class=\"menu-item menu-item-type-post_type menu-item-object-page menu-item-2135\"><a href=\"https:\/\/www.asf-brandenburg.de\/asf_wp\/einrichtungen\/tafel-projekte\/tafel-cottbus\/\"><span class=\"link-text\"> Tafel Cottbus<\/span><span class=\"arrow\"><\/span><\/a><\/li><li id=\"menu-item-2134\" class=\"menu-item menu-item-type-post_type menu-item-object-page menu-item-2134\"><a href=\"https:\/\/www.asf-brandenburg.de\/asf_wp\/einrichtungen\/tafel-projekte\/tafel-welzow\/\"><span class=\"link-text\"> Tafel Welzow<\/span><span class=\"arrow\"><\/span><\/a><\/li><li id=\"menu-item-2133\" class=\"menu-item menu-item-type-post_type menu-item-object-page menu-item-2133\"><a href=\"https:\/\/www.asf-brandenburg.de\/asf_wp\/einrichtungen\/tafel-projekte\/tafel-drebkau\/\"><span class=\"link-text\"> Tafel Drebkau<\/span><span class=\"arrow\"><\/span><\/a><\/li><li id=\"menu-item-2132\" class=\"menu-item menu-item-type-post_type menu-item-object-page menu-item-2132\"><a href=\"https:\/\/www.asf-brandenburg.de\/asf_wp\/einrichtungen\/tafel-projekte\/tafel-luckau-mit-ausgabestelle-golssen\/\"><span class=\"link-text\"> Tafel Luckau mit Ausgabestelle Gol\u00dfen<\/span><span class=\"arrow\"><\/span><\/a><\/li><li id=\"menu-item-2131\" class=\"menu-item menu-item-type-post_type menu-item-object-page menu-item-2131\"><a href=\"https:\/\/www.asf-brandenburg.de\/asf_wp\/einrichtungen\/tafel-projekte\/tafel-luebben\/\"><span class=\"link-text\"> Tafel L\u00fcbben<\/span><span class=\"arrow\"><\/span><\/a><\/li><\/ul><\/li><li id=\"menu-item-652\" class=\"menu-item menu-item-type-post_type menu-item-object-page menu-item-652\"><a href=\"https:\/\/www.asf-brandenburg.de\/asf_wp\/einrichtungen\/tages-und-ferienbetreuung-in-brandenburg-betreuung-fuer-schulkinder\/\"><span class=\"link-text\"> Tages- und Ferienbetreuung<\/span><span class=\"arrow\"><\/span><\/a><\/li><li id=\"menu-item-338\" class=\"menu-item menu-item-type-post_type menu-item-object-page menu-item-338\"><a href=\"https:\/\/www.asf-brandenburg.de\/asf_wp\/einrichtungen\/taeter-opfer-ausgleich-in-brandenburg-vermittlungsstelle-taeter-opfer-ausgleich\/\"><span class=\"link-text\"> Vermittlungsstelle T\u00e4ter-Opfer-Ausgleich<\/span><span class=\"arrow\"><\/span><\/a><\/li><\/ul><\/nav>Get Social\n\t\t<div class=\"fusion-social-networks\">\n\n\t\t\t<div class=\"fusion-social-networks-wrapper\">\n\t\t\t\t\t\t\t\t\t\t\t\t\n\t\t\t<\/div>\n\t\t<\/div>\n\n\t\t<div class=\"fusion-additional-widget-content\"><\/div><\/div><div class=\"fusion-clearfix\"><\/div><\/div><\/div>\n<div class=\"fusion-layout-column fusion_builder_column fusion-builder-column-1 fusion_builder_column_3_4 3_4 fusion-three-fourth fusion-column-last\" style=\"--awb-bg-blend:overlay;--awb-bg-size:cover;width:74%;\"><div class=\"fusion-column-wrapper fusion-flex-column-wrapper-legacy\"><div class=\"fusion-image-element in-legacy-container\" style=\"--awb-caption-title-font-family:var(--h2_typography-font-family);--awb-caption-title-font-weight:var(--h2_typography-font-weight);--awb-caption-title-font-style:var(--h2_typography-font-style);--awb-caption-title-size:var(--h2_typography-font-size);--awb-caption-title-transform:var(--h2_typography-text-transform);--awb-caption-title-line-height:var(--h2_typography-line-height);--awb-caption-title-letter-spacing:var(--h2_typography-letter-spacing);\"><span class=\" fusion-imageframe imageframe-none imageframe-1 hover-type-none\"><img decoding=\"async\" width=\"1640\" height=\"811\" src=\"https:\/\/www.asf-brandenburg.de\/asf_wp\/wp-content\/uploads\/2023\/06\/Kopie-von-Kopie-von-Logopaedie_Flyer-Facebook-Titelbilder-1-e1714636953926.jpg\" alt class=\"img-responsive wp-image-7326\" srcset=\"https:\/\/www.asf-brandenburg.de\/asf_wp\/wp-content\/uploads\/2023\/06\/Kopie-von-Kopie-von-Logopaedie_Flyer-Facebook-Titelbilder-1-e1714636953926-200x99.jpg 200w, https:\/\/www.asf-brandenburg.de\/asf_wp\/wp-content\/uploads\/2023\/06\/Kopie-von-Kopie-von-Logopaedie_Flyer-Facebook-Titelbilder-1-e1714636953926-400x198.jpg 400w, https:\/\/www.asf-brandenburg.de\/asf_wp\/wp-content\/uploads\/2023\/06\/Kopie-von-Kopie-von-Logopaedie_Flyer-Facebook-Titelbilder-1-e1714636953926-600x297.jpg 600w, https:\/\/www.asf-brandenburg.de\/asf_wp\/wp-content\/uploads\/2023\/06\/Kopie-von-Kopie-von-Logopaedie_Flyer-Facebook-Titelbilder-1-e1714636953926-800x396.jpg 800w, https:\/\/www.asf-brandenburg.de\/asf_wp\/wp-content\/uploads\/2023\/06\/Kopie-von-Kopie-von-Logopaedie_Flyer-Facebook-Titelbilder-1-e1714636953926-1200x593.jpg 1200w, https:\/\/www.asf-brandenburg.de\/asf_wp\/wp-content\/uploads\/2023\/06\/Kopie-von-Kopie-von-Logopaedie_Flyer-Facebook-Titelbilder-1-e1714636953926.jpg 1640w\" sizes=\"(max-width: 800px) 100vw, 1200px\" \/><\/span><\/div><div class=\"fusion-sep-clear\"><\/div><div class=\"fusion-separator fusion-full-width-sep\" style=\"margin-left: auto;margin-right: auto;margin-top:15px;margin-bottom:15px;width:100%;\"><\/div><div class=\"fusion-sep-clear\"><\/div><div class=\"fusion-title title fusion-title-1 fusion-sep-none fusion-title-text fusion-title-size-one\" style=\"--awb-margin-top:70px;--awb-margin-bottom:20px;--awb-margin-top-small:0px;--awb-margin-right-small:0px;--awb-margin-bottom-small:20px;--awb-margin-left-small:0px;\"><h1 class=\"fusion-title-heading title-heading-left fusion-responsive-typography-calculated\" style=\"margin:0;--fontSize:35;line-height:1.4;\"><h2><span class=\"WdYUQQ text-decoration-none text-strikethrough-none\">Ein Ort mit ganz viel Bunt im Herzen \u2013 <\/span><br \/>\n<span class=\"WdYUQQ text-decoration-none text-strikethrough-none\">wir sind der Familientreff Spremberg.<\/span><\/h2><\/h1><\/div><div class=\"fusion-text fusion-text-1\" style=\"--awb-text-transform:none;\"><p><span id=\"zitat\" class=\"zitat\">\u00bbDu darfst am Guten in der Welt mitarbeiten.\u00ab Albert Schweitzer<br \/>\n<\/span><\/p>\n<\/div><div class=\"fusion-builder-row fusion-builder-row-inner fusion-row\"><div class=\"fusion-layout-column fusion_builder_column_inner fusion-builder-nested-column-0 fusion_builder_column_inner_2_3 2_3 fusion-two-third fusion-column-first\" style=\"--awb-bg-blend:overlay;--awb-bg-size:cover;width:66.6666666667%;width:calc(66.6666666667% - ( ( 4% ) * 0.666666666667 ) );margin-right: 4%;\"><div class=\"fusion-column-wrapper fusion-flex-column-wrapper-legacy\"><div class=\"fusion-text fusion-text-2\" style=\"--awb-text-transform:none;\"><ul>\n<li>Neu in der Eltern-oder Gro\u00dfelternrolle, aber noch nicht \u201eangekommen\u201c?<\/li>\n<li>Krippenplatz, Tragesystem, Familienalltag mit Finanzen \u2013 fachlicher Rat n\u00f6tig?<\/li>\n<li>7-Tage-Regenwetter und wohin mit den Kindern?<\/li>\n<li>Lust auf Austausch und Ausfl\u00fcge mit anderen Familien?<\/li>\n<li>Ein offenes Ohr, eine Tasse Kaffee, sich einfach nur einen Moment \u201eabgeben\u201c d\u00fcrfen?<\/li>\n<\/ul>\n<h4><\/h4>\n<p><span class=\"WdYUQQ text-decoration-none text-strikethrough-none\">Unser Familientreff ist ein Ort, an dem sich Menschen aus Spremberg und Umgebung treffen k\u00f6nnen, um gemeinsam Zeit zu verbringen, sich auszutauschen sowie Unterst\u00fctzung und Gesellschaft zu finden. Wir bieten ein t\u00e4glich wechselndes Programm f\u00fcr alle Generationen.<\/span><\/p>\n<h4 class=\"_04xlpA direction-ltr align-start para-style-body\"><span class=\"WdYUQQ text-decoration-none text-strikethrough-none\">Ob Alleinstehende, Pflegeeltern oder Regenbogenfamilie \u2013 alle sind im Familientreff Spremberg willkommen!<\/span><\/h4>\n<p class=\"_04xlpA direction-ltr align-justify para-style-body\"><span class=\"WdYUQQ text-decoration-none text-strikethrough-none\">Der Familientreff Spremberg ist ausdr\u00fccklich ein Ort f\u00fcr Menschen jedes Alters, jeder Kultur und (sexuellen) Orientierung. Alle haben bei uns einen Platz \u2013 au\u00dfer Fremdenfeindlichkeit und Ausgrenzung. Unsere Angebote sind auch in englischer Sprache m\u00f6glich.<\/span><\/p>\n<\/div><div class=\"fusion-reading-box-container reading-box-container-1\" style=\"--awb-title-color:#303030;--awb-margin-top:0px;--awb-margin-bottom:84px;\"><div class=\"reading-box\" style=\"background-color:#f6f6f6;border-width:1px;border-color:#f6f6f6;border-left-width:3px;border-left-color:var(--primary_color);border-style:solid;\"><div class=\"reading-box-description\">Unser kostenfreies Angebot<\/div><div class=\"reading-box-additional\">\n<ul>\n<li>\n<p class=\"_04xlpA direction-ltr align-justify para-style-body\"><span class=\"WdYUQQ text-decoration-none text-strikethrough-none\">t\u00e4glich wechselnde kreative, spielerische und p\u00e4dagogische Aktivt\u00e4ten und Ausfl\u00fcge f\u00fcr Familien und Menschen aller Generationen<\/span><\/p>\n<\/li>\n<li>\n<p class=\"_04xlpA direction-ltr align-justify para-style-body\"><span class=\"WdYUQQ text-decoration-none text-strikethrough-none\">Motorik und Selbstbewusstsein schulen mit Sport und Bewegungsspielen<\/span><\/p>\n<\/li>\n<li>\n<p class=\"_04xlpA direction-ltr align-justify para-style-body\"><span class=\"WdYUQQ text-decoration-none text-strikethrough-none\">Infoevents zu Erziehung, Bildung, kindliche Entwicklung fr\u00fchkindliche Entwicklung, Gesundheit u.v.m.<\/span><\/p>\n<\/li>\n<\/ul>\n<\/div><div class=\"fusion-clearfix\"><\/div><\/div><\/div><div class=\"fusion-text fusion-text-3\"><h4 class=\"_04xlpA direction-ltr align-justify para-style-body\"><span class=\"WdYUQQ text-decoration-none text-strikethrough-none\">Our Mission: support and connect.<\/span><\/h4>\n<p class=\"_04xlpA direction-ltr align-justify para-style-body\"><span class=\"WdYUQQ text-decoration-none text-strikethrough-none\">Our &#8218;Familientreff Spremberg&#8216; provides a welcoming and supportive environment for families and people of all ages. We are a place where people can come together to socialize, learn, and have a good time. We offer a wide variety of activities for families with children, including parent-child playgroups, music and movement classes, art and educational seminars.<\/span><\/p>\n<p class=\"_04xlpA direction-ltr align-justify para-style-body\"><span class=\"WdYUQQ text-decoration-none text-strikethrough-none\">We are staffed by a team of dedicated professionals who are passionate about supporting families and navigating the challenges of raising children.<\/span><\/p>\n<h4 class=\"_04xlpA direction-ltr align-justify para-style-body\"><span class=\"WdYUQQ text-decoration-none text-strikethrough-none\">All nations and genders welcome.<\/span><\/h4>\n<p class=\"_04xlpA direction-ltr align-justify para-style-body\"><span class=\"WdYUQQ text-decoration-none text-strikethrough-none\">Our Familientreff Spremberg is explicitly a place for people of all ages, cultures and (sexual) orientations. Everyone has a place with us &#8211; except xenophobia and exclusion. Our offers are also available in English.<\/span><\/p>\n<\/div><div class=\"fusion-clearfix\"><\/div><\/div><\/div><div class=\"fusion-layout-column fusion_builder_column_inner fusion-builder-nested-column-1 fusion_builder_column_inner_1_3 1_3 fusion-one-third fusion-column-last\" style=\"--awb-bg-blend:overlay;--awb-bg-size:cover;width:33.3333333333%;width:calc(33.3333333333% - ( ( 4% ) * 0.333333333333 ) );\"><div class=\"fusion-column-wrapper fusion-flex-column-wrapper-legacy\"><div class=\"fusion-reading-box-container reading-box-container-2\" style=\"--awb-title-color:#303030;--awb-margin-top:;--awb-margin-bottom:84px;\"><div class=\"reading-box\" style=\"background-color:#f6f6f6;border-width:0px;border-color:#2e9f58;border-right-width:3px;border-right-color:var(--primary_color);border-style:solid;\"><h2>Kontakt<\/h2><div class=\"reading-box-additional fusion-reading-box-additional\">\n<p>Familientreff<strong> Spremberg<\/strong><br \/>\nSlamener H\u00f6he 17<br \/>\n03130 Spremberg<\/p>\n<p>Telefon: 0171 735 109 4<br \/>\nE-Mail: <a href=\"mailto:ft.spremberg@asf-brandenburg.de\">ft.spremberg@asf-brandenburg.de<\/a><\/p>\n<p><b>\u00d6ffnungszeiten<\/b><\/p>\n<p>Die aktuellen \u00d6ffnungszeiten entnehmen Sie bitte den jeweiligen Monatspl\u00e4nen.<\/p>\n<p>Bei Fragen oder Problemen sind wir unter unseren Kontaktdaten erreichbar.<\/p>\n<p><strong>Ansprechpartnerin f\u00fcr den Familientreff<\/strong><\/p>\n<p>Lysann Th\u00fcrmer (Leiterin Familientreff),<br \/>\nMelanie Enke,<br \/>\nMarlen Nowotnick<\/p>\n<p><strong>Ansprechpartnerin f\u00fcr die Eltern-Kind-Gruppe<\/strong><\/p>\n<p>Lysann Th\u00fcrmer<br \/>\nE-Mail: <a href=\"mailto:fiv@asf-brandenburg.de\">fiv@asf-brandenburg.de<\/a><\/p>\n<\/div><div class=\"fusion-clearfix\"><\/div><\/div><\/div><div class=\"fusion-clearfix\"><\/div><\/div><\/div><\/div><div class=\"fusion-title title fusion-title-2 fusion-sep-none fusion-title-text fusion-title-size-one\" style=\"--awb-margin-top:70px;--awb-margin-bottom:20px;--awb-margin-top-small:0px;--awb-margin-right-small:0px;--awb-margin-bottom-small:20px;--awb-margin-left-small:0px;\"><h1 class=\"fusion-title-heading title-heading-left fusion-responsive-typography-calculated\" style=\"margin:0;--fontSize:35;line-height:1.4;\"><h2><span class=\"WdYUQQ text-decoration-none text-strikethrough-none\">Lernen, spielen und (zusammen-)wachsen <\/span><br \/>\n<span class=\"WdYUQQ text-decoration-none text-strikethrough-none\">in <\/span><span class=\"WdYUQQ text-decoration-none text-strikethrough-none\">der Eltern-Kind-Gruppe Spremberg<\/span><\/h2><\/h1><\/div><div class=\"fusion-builder-row fusion-builder-row-inner fusion-row\"><div class=\"fusion-layout-column fusion_builder_column_inner fusion-builder-nested-column-2 fusion_builder_column_inner_2_3 2_3 fusion-two-third fusion-column-first\" style=\"--awb-bg-size:cover;width:66.6666666667%;width:calc(66.6666666667% - ( ( 4% ) * 0.666666666667 ) );margin-right: 4%;\"><div class=\"fusion-column-wrapper fusion-column-has-shadow fusion-flex-column-wrapper-legacy\"><div class=\"fusion-text fusion-text-4\" style=\"--awb-text-transform:none;\"><p><span class=\"WdYUQQ text-decoration-none text-strikethrough-none\">Wir begleiten Familien mit Kindern im Alter von 0-3 Jahren, die noch keine Kita besuchen. Wir unterst\u00fctzen sie bei ihren Bed\u00fcrfnissen uns W\u00fcnschen. In gem\u00fctlicher Runde treffen wir uns jede Woche unter p\u00e4dagogischer Fachanleitung. Der Besuch ist offen und kostenfrei.<\/span><\/p>\n<\/div><div class=\"fusion-reading-box-container reading-box-container-3\" style=\"--awb-title-color:#303030;--awb-margin-top:0px;--awb-margin-bottom:84px;\"><div class=\"reading-box\" style=\"background-color:#f6f6f6;border-width:1px;border-color:#f6f6f6;border-left-width:3px;border-left-color:var(--primary_color);border-style:solid;\"><div class=\"reading-box-description\">Unser kostenfreies Angebot<\/div><div class=\"reading-box-additional\">\n<ul>\n<li class=\"_04xlpA direction-ltr align-start para-style-body\"><span class=\"WdYUQQ text-decoration-none text-strikethrough-none\">experimentieren mit Materialien, Formen, Farben und Gegenst\u00e4nden<\/span><\/li>\n<li class=\"_04xlpA direction-ltr align-start para-style-body\"><span class=\"WdYUQQ text-decoration-none text-strikethrough-none\">Sprache st\u00e4rken durch Lesen, Singen und Erz\u00e4hlen<\/span><\/li>\n<li class=\"_04xlpA direction-ltr align-start para-style-body\"><span class=\"WdYUQQ text-decoration-none text-strikethrough-none\">gemeinsame Unternehmungen, Kontakt zu anderen Familien und Kindern<\/span><\/li>\n<li class=\"_04xlpA direction-ltr align-start para-style-body\"><span class=\"WdYUQQ text-decoration-none text-strikethrough-none\">Sport und Spiel, drinnen und drau\u00dfen die Welt entdecken<\/span><\/li>\n<li class=\"_04xlpA direction-ltr align-start para-style-body\"><span class=\"WdYUQQ text-decoration-none text-strikethrough-none\">Infoevents zu Erziehung, Bildung, kindliche Entwicklung fr\u00fchkindliche Entwicklung, Gesundheit u.v.m.<\/span><\/li>\n<\/ul>\n<\/div><div class=\"fusion-clearfix\"><\/div><\/div><\/div><div class=\"fusion-clearfix\"><\/div><\/div><\/div><\/div><div class=\"fusion-clearfix\"><\/div><\/div><\/div><\/div><\/div>\n","protected":false},"excerpt":{"rendered":"","protected":false},"author":1,"featured_media":0,"parent":396,"menu_order":411,"comment_status":"closed","ping_status":"closed","template":"100-width.php","meta":{"inline_featured_image":false,"footnotes":""},"class_list":["post-570","page","type-page","status-publish","hentry"],"yoast_head":"<!-- This site is optimized with the Yoast SEO plugin v28.3 - https:\/\/yoast.com\/product\/yoast-seo-wordpress\/ -->\n<title>Familientreff Spremberg - Albert-Schweitzer-Familienwerk Brandenburg e.V.<\/title>\n<meta name=\"description\" content=\"Familientreff Spremberg: Offener Treff und Angebote f\u00fcr Familien, Eltern und Kinder. Austausch, Beratung und gemeinsame Aktivit\u00e4ten im Alltag.\" \/>\n<meta name=\"robots\" content=\"index, follow, max-snippet:-1, max-image-preview:large, max-video-preview:-1\" \/>\n<link rel=\"canonical\" href=\"https:\/\/www.asf-brandenburg.de\/asf_wp\/einrichtungen\/familientreff-spremberg-angebote-fuer-familien\/\" \/>\n<meta property=\"og:locale\" content=\"de_DE\" \/>\n<meta property=\"og:type\" content=\"article\" \/>\n<meta property=\"og:title\" content=\"Familientreff Spremberg - Albert-Schweitzer-Familienwerk Brandenburg e.V.\" \/>\n<meta property=\"og:description\" content=\"Familientreff Spremberg: Offener Treff und Angebote f\u00fcr Familien, Eltern und Kinder. Austausch, Beratung und gemeinsame Aktivit\u00e4ten im Alltag.\" \/>\n<meta property=\"og:url\" content=\"https:\/\/www.asf-brandenburg.de\/asf_wp\/einrichtungen\/familientreff-spremberg-angebote-fuer-familien\/\" \/>\n<meta property=\"og:site_name\" content=\"Albert-Schweitzer-Familienwerk Brandenburg e.V.\" \/>\n<meta property=\"article:publisher\" content=\"https:\/\/www.facebook.com\/AlbertSchweitzerFamilienwerkBrandenburg\" \/>\n<meta property=\"article:modified_time\" content=\"2026-06-12T09:49:46+00:00\" \/>\n<meta name=\"twitter:card\" content=\"summary_large_image\" \/>\n<meta name=\"twitter:label1\" content=\"Gesch\u00e4tzte Lesezeit\" \/>\n\t<meta name=\"twitter:data1\" content=\"4\u00a0Minuten\" \/>\n<script type=\"application\/ld+json\" class=\"yoast-schema-graph\">{\"@context\":\"https:\\\/\\\/schema.org\",\"@graph\":[{\"@type\":\"WebPage\",\"@id\":\"https:\\\/\\\/www.asf-brandenburg.de\\\/asf_wp\\\/einrichtungen\\\/familientreff-spremberg-angebote-fuer-familien\\\/\",\"url\":\"https:\\\/\\\/www.asf-brandenburg.de\\\/asf_wp\\\/einrichtungen\\\/familientreff-spremberg-angebote-fuer-familien\\\/\",\"name\":\"Familientreff Spremberg - Albert-Schweitzer-Familienwerk Brandenburg e.V.\",\"isPartOf\":{\"@id\":\"https:\\\/\\\/www.asf-brandenburg.de\\\/asf_wp\\\/#website\"},\"datePublished\":\"2019-03-18T09:38:12+00:00\",\"dateModified\":\"2026-06-12T09:49:46+00:00\",\"description\":\"Familientreff Spremberg: Offener Treff und Angebote f\u00fcr Familien, Eltern und Kinder. Austausch, Beratung und gemeinsame Aktivit\u00e4ten im Alltag.\",\"breadcrumb\":{\"@id\":\"https:\\\/\\\/www.asf-brandenburg.de\\\/asf_wp\\\/einrichtungen\\\/familientreff-spremberg-angebote-fuer-familien\\\/#breadcrumb\"},\"inLanguage\":\"de\",\"potentialAction\":[{\"@type\":\"ReadAction\",\"target\":[\"https:\\\/\\\/www.asf-brandenburg.de\\\/asf_wp\\\/einrichtungen\\\/familientreff-spremberg-angebote-fuer-familien\\\/\"]}]},{\"@type\":\"BreadcrumbList\",\"@id\":\"https:\\\/\\\/www.asf-brandenburg.de\\\/asf_wp\\\/einrichtungen\\\/familientreff-spremberg-angebote-fuer-familien\\\/#breadcrumb\",\"itemListElement\":[{\"@type\":\"ListItem\",\"position\":1,\"name\":\"Startseite\",\"item\":\"https:\\\/\\\/www.asf-brandenburg.de\\\/asf_wp\\\/\"},{\"@type\":\"ListItem\",\"position\":2,\"name\":\"Angebote\",\"item\":\"https:\\\/\\\/www.asf-brandenburg.de\\\/asf_wp\\\/einrichtungen\\\/\"},{\"@type\":\"ListItem\",\"position\":3,\"name\":\"Familientreff Spremberg\"}]},{\"@type\":\"WebSite\",\"@id\":\"https:\\\/\\\/www.asf-brandenburg.de\\\/asf_wp\\\/#website\",\"url\":\"https:\\\/\\\/www.asf-brandenburg.de\\\/asf_wp\\\/\",\"name\":\"Albert-Schweitzer-Kinderd\u00f6rfer und Familienwerke Brandenburg e. V.\",\"description\":\"\",\"publisher\":{\"@id\":\"https:\\\/\\\/www.asf-brandenburg.de\\\/asf_wp\\\/#organization\"},\"potentialAction\":[{\"@type\":\"SearchAction\",\"target\":{\"@type\":\"EntryPoint\",\"urlTemplate\":\"https:\\\/\\\/www.asf-brandenburg.de\\\/asf_wp\\\/?s={search_term_string}\"},\"query-input\":{\"@type\":\"PropertyValueSpecification\",\"valueRequired\":true,\"valueName\":\"search_term_string\"}}],\"inLanguage\":\"de\"},{\"@type\":\"Organization\",\"@id\":\"https:\\\/\\\/www.asf-brandenburg.de\\\/asf_wp\\\/#organization\",\"name\":\"Albert-Schweitzer-Familienwerk Brandenburg e. V.\",\"url\":\"https:\\\/\\\/www.asf-brandenburg.de\\\/asf_wp\\\/\",\"logo\":{\"@type\":\"ImageObject\",\"inLanguage\":\"de\",\"@id\":\"https:\\\/\\\/www.asf-brandenburg.de\\\/asf_wp\\\/#\\\/schema\\\/logo\\\/image\\\/\",\"url\":\"https:\\\/\\\/www.asf-brandenburg.de\\\/asf_wp\\\/wp-content\\\/uploads\\\/2018\\\/08\\\/Logo_ASF_BRB_318x107.png\",\"contentUrl\":\"https:\\\/\\\/www.asf-brandenburg.de\\\/asf_wp\\\/wp-content\\\/uploads\\\/2018\\\/08\\\/Logo_ASF_BRB_318x107.png\",\"width\":318,\"height\":107,\"caption\":\"Albert-Schweitzer-Familienwerk Brandenburg e. V.\"},\"image\":{\"@id\":\"https:\\\/\\\/www.asf-brandenburg.de\\\/asf_wp\\\/#\\\/schema\\\/logo\\\/image\\\/\"},\"sameAs\":[\"https:\\\/\\\/www.facebook.com\\\/AlbertSchweitzerFamilienwerkBrandenburg\",\"https:\\\/\\\/www.youtube.com\\\/@asfbrandenburg\",\"https:\\\/\\\/www.instagram.com\\\/asf_brandenburg\\\/\"]}]}<\/script>\n<!-- \/ Yoast SEO plugin. -->","yoast_head_json":{"title":"Familientreff Spremberg - Albert-Schweitzer-Familienwerk Brandenburg e.V.","description":"Familientreff Spremberg: Offener Treff und Angebote f\u00fcr Familien, Eltern und Kinder. Austausch, Beratung und gemeinsame Aktivit\u00e4ten im Alltag.","robots":{"index":"index","follow":"follow","max-snippet":"max-snippet:-1","max-image-preview":"max-image-preview:large","max-video-preview":"max-video-preview:-1"},"canonical":"https:\/\/www.asf-brandenburg.de\/asf_wp\/einrichtungen\/familientreff-spremberg-angebote-fuer-familien\/","og_locale":"de_DE","og_type":"article","og_title":"Familientreff Spremberg - Albert-Schweitzer-Familienwerk Brandenburg e.V.","og_description":"Familientreff Spremberg: Offener Treff und Angebote f\u00fcr Familien, Eltern und Kinder. Austausch, Beratung und gemeinsame Aktivit\u00e4ten im Alltag.","og_url":"https:\/\/www.asf-brandenburg.de\/asf_wp\/einrichtungen\/familientreff-spremberg-angebote-fuer-familien\/","og_site_name":"Albert-Schweitzer-Familienwerk Brandenburg e.V.","article_publisher":"https:\/\/www.facebook.com\/AlbertSchweitzerFamilienwerkBrandenburg","article_modified_time":"2026-06-12T09:49:46+00:00","twitter_card":"summary_large_image","twitter_misc":{"Gesch\u00e4tzte Lesezeit":"4\u00a0Minuten"},"schema":{"@context":"https:\/\/schema.org","@graph":[{"@type":"WebPage","@id":"https:\/\/www.asf-brandenburg.de\/asf_wp\/einrichtungen\/familientreff-spremberg-angebote-fuer-familien\/","url":"https:\/\/www.asf-brandenburg.de\/asf_wp\/einrichtungen\/familientreff-spremberg-angebote-fuer-familien\/","name":"Familientreff Spremberg - Albert-Schweitzer-Familienwerk Brandenburg e.V.","isPartOf":{"@id":"https:\/\/www.asf-brandenburg.de\/asf_wp\/#website"},"datePublished":"2019-03-18T09:38:12+00:00","dateModified":"2026-06-12T09:49:46+00:00","description":"Familientreff Spremberg: Offener Treff und Angebote f\u00fcr Familien, Eltern und Kinder. Austausch, Beratung und gemeinsame Aktivit\u00e4ten im Alltag.","breadcrumb":{"@id":"https:\/\/www.asf-brandenburg.de\/asf_wp\/einrichtungen\/familientreff-spremberg-angebote-fuer-familien\/#breadcrumb"},"inLanguage":"de","potentialAction":[{"@type":"ReadAction","target":["https:\/\/www.asf-brandenburg.de\/asf_wp\/einrichtungen\/familientreff-spremberg-angebote-fuer-familien\/"]}]},{"@type":"BreadcrumbList","@id":"https:\/\/www.asf-brandenburg.de\/asf_wp\/einrichtungen\/familientreff-spremberg-angebote-fuer-familien\/#breadcrumb","itemListElement":[{"@type":"ListItem","position":1,"name":"Startseite","item":"https:\/\/www.asf-brandenburg.de\/asf_wp\/"},{"@type":"ListItem","position":2,"name":"Angebote","item":"https:\/\/www.asf-brandenburg.de\/asf_wp\/einrichtungen\/"},{"@type":"ListItem","position":3,"name":"Familientreff Spremberg"}]},{"@type":"WebSite","@id":"https:\/\/www.asf-brandenburg.de\/asf_wp\/#website","url":"https:\/\/www.asf-brandenburg.de\/asf_wp\/","name":"Albert-Schweitzer-Kinderd\u00f6rfer und Familienwerke Brandenburg e. V.","description":"","publisher":{"@id":"https:\/\/www.asf-brandenburg.de\/asf_wp\/#organization"},"potentialAction":[{"@type":"SearchAction","target":{"@type":"EntryPoint","urlTemplate":"https:\/\/www.asf-brandenburg.de\/asf_wp\/?s={search_term_string}"},"query-input":{"@type":"PropertyValueSpecification","valueRequired":true,"valueName":"search_term_string"}}],"inLanguage":"de"},{"@type":"Organization","@id":"https:\/\/www.asf-brandenburg.de\/asf_wp\/#organization","name":"Albert-Schweitzer-Familienwerk Brandenburg e. V.","url":"https:\/\/www.asf-brandenburg.de\/asf_wp\/","logo":{"@type":"ImageObject","inLanguage":"de","@id":"https:\/\/www.asf-brandenburg.de\/asf_wp\/#\/schema\/logo\/image\/","url":"https:\/\/www.asf-brandenburg.de\/asf_wp\/wp-content\/uploads\/2018\/08\/Logo_ASF_BRB_318x107.png","contentUrl":"https:\/\/www.asf-brandenburg.de\/asf_wp\/wp-content\/uploads\/2018\/08\/Logo_ASF_BRB_318x107.png","width":318,"height":107,"caption":"Albert-Schweitzer-Familienwerk Brandenburg e. V."},"image":{"@id":"https:\/\/www.asf-brandenburg.de\/asf_wp\/#\/schema\/logo\/image\/"},"sameAs":["https:\/\/www.facebook.com\/AlbertSchweitzerFamilienwerkBrandenburg","https:\/\/www.youtube.com\/@asfbrandenburg","https:\/\/www.instagram.com\/asf_brandenburg\/"]}]}},"_links":{"self":[{"href":"https:\/\/www.asf-brandenburg.de\/asf_wp\/wp-json\/wp\/v2\/pages\/570","targetHints":{"allow":["GET"]}}],"collection":[{"href":"https:\/\/www.asf-brandenburg.de\/asf_wp\/wp-json\/wp\/v2\/pages"}],"about":[{"href":"https:\/\/www.asf-brandenburg.de\/asf_wp\/wp-json\/wp\/v2\/types\/page"}],"author":[{"embeddable":true,"href":"https:\/\/www.asf-brandenburg.de\/asf_wp\/wp-json\/wp\/v2\/users\/1"}],"replies":[{"embeddable":true,"href":"https:\/\/www.asf-brandenburg.de\/asf_wp\/wp-json\/wp\/v2\/comments?post=570"}],"version-history":[{"count":38,"href":"https:\/\/www.asf-brandenburg.de\/asf_wp\/wp-json\/wp\/v2\/pages\/570\/revisions"}],"predecessor-version":[{"id":10566,"href":"https:\/\/www.asf-brandenburg.de\/asf_wp\/wp-json\/wp\/v2\/pages\/570\/revisions\/10566"}],"up":[{"embeddable":true,"href":"https:\/\/www.asf-brandenburg.de\/asf_wp\/wp-json\/wp\/v2\/pages\/396"}],"wp:attachment":[{"href":"https:\/\/www.asf-brandenburg.de\/asf_wp\/wp-json\/wp\/v2\/media?parent=570"}],"curies":[{"name":"wp","href":"https:\/\/api.w.org\/{rel}","templated":true}]}}