{"id":373,"date":"2019-03-14T09:06:13","date_gmt":"2019-03-14T08:06:13","guid":{"rendered":"https:\/\/www.asf-brandenburg.de\/asf_wp\/?page_id=373"},"modified":"2026-04-30T14:22:50","modified_gmt":"2026-04-30T12:22:50","slug":"lausitzer_haus_des_lernens","status":"publish","type":"page","link":"https:\/\/www.asf-brandenburg.de\/asf_wp\/lausitzer_haus_des_lernens\/","title":{"rendered":"Lausitzer Haus des Lernens"},"content":{"rendered":"<div class=\"fusion-fullwidth fullwidth-box fusion-builder-row-1 nonhundred-percent-fullwidth non-hundred-percent-height-scrolling\" style=\"--awb-background-position:left top;--awb-border-sizes-top:0px;--awb-border-sizes-bottom:0px;--awb-border-sizes-left:0px;--awb-border-sizes-right:0px;--awb-border-radius-top-left:0px;--awb-border-radius-top-right:0px;--awb-border-radius-bottom-right:0px;--awb-border-radius-bottom-left:0px;--awb-padding-top:10px;--awb-padding-bottom:0px;--awb-flex-wrap:wrap;\" ><div class=\"fusion-builder-row fusion-row\"><div class=\"fusion-layout-column fusion_builder_column fusion-builder-column-0 fusion_builder_column_1_4 1_4 fusion-one-fourth fusion-column-first fusion-no-small-visibility\" style=\"--awb-bg-blend:overlay;--awb-bg-size:cover;width:25%;width:calc(25% - ( ( 4% + 4% ) * 0.25 ) );margin-right: 4%;\"><div class=\"fusion-column-wrapper fusion-column-has-shadow fusion-flex-column-wrapper-legacy\"><div class=\"fusion-widget-area awb-widget-area-element fusion-widget-area-1 fusion-content-widget-area\" style=\"--awb-title-size:22px;--awb-title-color:#303030;--awb-padding:0px 0px 0px 0px;\">\t\t\t<div class=\"textwidget\"><h3>Schule<\/h3>\n<\/div>\n\t\t<style type=\"text\/css\" data-id=\"avada-vertical-menu-widget-7\">#avada-vertical-menu-widget-7 > ul.menu { margin-top: -8px; }<\/style><style>#fusion-vertical-menu-widget-avada-vertical-menu-widget-7-nav ul.menu li a {font-size:14px;}<\/style><nav id=\"fusion-vertical-menu-widget-avada-vertical-menu-widget-7-nav\" class=\"fusion-vertical-menu-widget fusion-menu hover left no-border\" aria-label=\"Secondary Navigation: \"><ul id=\"menu-schule\" class=\"menu\"><li id=\"menu-item-689\" class=\"menu-item menu-item-type-post_type menu-item-object-page menu-item-689\"><a href=\"https:\/\/www.asf-brandenburg.de\/asf_wp\/lausitzer_haus_des_lernens\/\"><span class=\"link-text\"> Lausitzer Haus des Lernens<\/span><span class=\"arrow\"><\/span><\/a><\/li><li id=\"menu-item-900\" class=\"menu-item menu-item-type-post_type menu-item-object-page menu-item-has-children menu-item-900\"><a href=\"https:\/\/www.asf-brandenburg.de\/asf_wp\/lausitzer_haus_des_lernens\/aktuelles\/\"><span class=\"link-text\"> Aktuelles<\/span><span class=\"arrow\"><\/span><\/a><ul class=\"sub-menu\"><li id=\"menu-item-1141\" class=\"menu-item menu-item-type-post_type menu-item-object-page menu-item-1141\"><a href=\"https:\/\/www.asf-brandenburg.de\/asf_wp\/lausitzer_haus_des_lernens\/aktuelles\/kalender\/\"><span class=\"link-text\"> Kalender<\/span><span class=\"arrow\"><\/span><\/a><\/li><\/ul><\/li><li id=\"menu-item-380\" class=\"menu-item menu-item-type-post_type menu-item-object-page menu-item-380\"><a href=\"https:\/\/www.asf-brandenburg.de\/asf_wp\/lausitzer_haus_des_lernens\/vorschule\/\"><span class=\"link-text\"> Vorschule<\/span><span class=\"arrow\"><\/span><\/a><\/li><li id=\"menu-item-480\" class=\"menu-item menu-item-type-post_type menu-item-object-page menu-item-has-children menu-item-480\"><a href=\"https:\/\/www.asf-brandenburg.de\/asf_wp\/lausitzer_haus_des_lernens\/schulalltag\/\"><span class=\"link-text\"> Schulalltag<\/span><span class=\"arrow\"><\/span><\/a><ul class=\"sub-menu\"><li id=\"menu-item-432\" class=\"menu-item menu-item-type-post_type menu-item-object-page menu-item-432\"><a href=\"https:\/\/www.asf-brandenburg.de\/asf_wp\/?page_id=428\"><span class=\"link-text\"> AG Schulprogramm<\/span><span class=\"arrow\"><\/span><\/a><\/li><li id=\"menu-item-513\" class=\"menu-item menu-item-type-post_type menu-item-object-page menu-item-513\"><a href=\"https:\/\/www.asf-brandenburg.de\/asf_wp\/?page_id=511\"><span class=\"link-text\"> Elternkonferenz<\/span><span class=\"arrow\"><\/span><\/a><\/li><\/ul><\/li><li id=\"menu-item-454\" class=\"menu-item menu-item-type-post_type menu-item-object-page menu-item-454\"><a href=\"https:\/\/www.asf-brandenburg.de\/asf_wp\/lausitzer_haus_des_lernens\/gesunde-schule\/\"><span class=\"link-text\"> Gesunde Schule<\/span><span class=\"arrow\"><\/span><\/a><\/li><li id=\"menu-item-388\" class=\"menu-item menu-item-type-post_type menu-item-object-page menu-item-388\"><a href=\"https:\/\/www.asf-brandenburg.de\/asf_wp\/lausitzer_haus_des_lernens\/hort-lhl\/\"><span class=\"link-text\"> Hort des Lausitzer Haus des Lernens<\/span><span class=\"arrow\"><\/span><\/a><\/li><li id=\"menu-item-469\" class=\"menu-item menu-item-type-post_type menu-item-object-page menu-item-469\"><a href=\"https:\/\/www.asf-brandenburg.de\/asf_wp\/lausitzer_haus_des_lernens\/team\/\"><span class=\"link-text\"> Team<\/span><span class=\"arrow\"><\/span><\/a><\/li><li id=\"menu-item-4557\" class=\"menu-item menu-item-type-post_type menu-item-object-page menu-item-privacy-policy menu-item-4557\"><a rel=\"privacy-policy\" href=\"https:\/\/www.asf-brandenburg.de\/asf_wp\/datenschutzerklaerung\/\"><span class=\"link-text\"> Datenschutzerkl\u00e4rung<\/span><span class=\"arrow\"><\/span><\/a><\/li><\/ul><\/nav><div class=\"fusion-additional-widget-content\"><\/div><\/div><div class=\"fusion-clearfix\"><\/div><\/div><\/div>\n<div class=\"fusion-layout-column fusion_builder_column fusion-builder-column-1 fusion_builder_column_1_2 1_2 fusion-one-half\" style=\"--awb-bg-size:cover;width:50%;width:calc(50% - ( ( 4% + 4% ) * 0.5 ) );margin-right: 4%;\"><div class=\"fusion-column-wrapper fusion-column-has-shadow fusion-flex-column-wrapper-legacy\"><div class=\"fusion-title title fusion-title-1 fusion-sep-none fusion-title-text fusion-title-size-one\" style=\"--awb-margin-bottom:20px;--awb-margin-top-small:0px;--awb-margin-right-small:0px;--awb-margin-bottom-small:20px;--awb-margin-left-small:0px;\"><h1 class=\"fusion-title-heading title-heading-left fusion-responsive-typography-calculated\" style=\"margin:0;--fontSize:35;line-height:1.4;\">Lausitzer Haus des Lernens<\/h1><\/div><div class=\"fusion-text fusion-text-1\"><p><span id=\"zitat\" class=\"zitat\">\u00bbDas Mitf\u00fchlen mit allen Gesch\u00f6pfen ist es, was den Menschen erst wirklich zum Menschen macht.\u00ab Albert Schweitzer<br \/>\n<\/span><\/p>\n<\/div><div class=\"fusion-image-element in-legacy-container\" style=\"--awb-caption-title-font-family:var(--h2_typography-font-family);--awb-caption-title-font-weight:var(--h2_typography-font-weight);--awb-caption-title-font-style:var(--h2_typography-font-style);--awb-caption-title-size:var(--h2_typography-font-size);--awb-caption-title-transform:var(--h2_typography-text-transform);--awb-caption-title-line-height:var(--h2_typography-line-height);--awb-caption-title-letter-spacing:var(--h2_typography-letter-spacing);\"><span class=\" fusion-imageframe imageframe-none imageframe-1 hover-type-none\"><img decoding=\"async\" width=\"1080\" height=\"1350\" title=\"Einschulung Platz frei\" src=\"https:\/\/www.asf-brandenburg.de\/asf_wp\/wp-content\/uploads\/2026\/04\/Einschulung-Platz-frei.png\" alt class=\"img-responsive wp-image-10420\" srcset=\"https:\/\/www.asf-brandenburg.de\/asf_wp\/wp-content\/uploads\/2026\/04\/Einschulung-Platz-frei-200x250.png 200w, https:\/\/www.asf-brandenburg.de\/asf_wp\/wp-content\/uploads\/2026\/04\/Einschulung-Platz-frei-400x500.png 400w, https:\/\/www.asf-brandenburg.de\/asf_wp\/wp-content\/uploads\/2026\/04\/Einschulung-Platz-frei-600x750.png 600w, https:\/\/www.asf-brandenburg.de\/asf_wp\/wp-content\/uploads\/2026\/04\/Einschulung-Platz-frei-800x1000.png 800w, https:\/\/www.asf-brandenburg.de\/asf_wp\/wp-content\/uploads\/2026\/04\/Einschulung-Platz-frei.png 1080w\" sizes=\"(max-width: 800px) 100vw, 600px\" \/><\/span><\/div><div class=\"fusion-text fusion-text-2\"><h4>Unsere Schule und ihre Bildungsinhalte<\/h4>\n<p>Wir sind eine staatlich anerkannte Ersatzschule mit Hort in Tr\u00e4gerschaft des Albert-Schweitzer Familienwerks Brandenburg e.V. (ASF). Wir sind eine verl\u00e4ssliche Halbtagsschule mit Hort, basierend auf einem gesundheitsbetontem Charakter. Die Philosophie und Ethik Albert Schweitzers ist Ma\u00dfstab f\u00fcr unser t\u00e4gliches Handeln. Der Sinngehalt seines Ausspruchs \u201eEhrfurcht vor dem Leben\u201c dr\u00fcckt die humanistische Grundeinstellung aus, der wir uns verpflichtet f\u00fchlen. Die Sch\u00fcler und Sch\u00fclerinnen werden mit der Philosophie Albert Schweitzers vertraut gemacht und lernen die Achtung vor dem Leben von Mensch, Tier und Pflanzen.<\/p>\n<h4>Allgemeine Informationen<\/h4>\n<ul>\n<li>Tagesstruktur von 06.00 Uhr bis 17.00 Uhr in Kooperation von Schule und Hort. Bei Bedarf auch l\u00e4nger.<\/li>\n<li>offener Schulbeginn von 07.15 Uhr bis 07.35 Uhr<\/li>\n<li>breites Mittagsband (11.15 Uhr bis 12.05 Uhr) f\u00fcr Mahlzeiten Erholung, Bewegung<\/li>\n<li>t\u00e4glich verbindliche \u201eindividuelle Lernzeiten\u201c (ILZ) innerhalb der Tagesstruktur<\/li>\n<li>Rhythmen von Anspannung und Entspannung im Tagesablauf<\/li>\n<\/ul>\n<h4>Unsere Vorz\u00fcge und p\u00e4dagogischen Besonderheiten<\/h4>\n<ul>\n<li>Einz\u00fcgigkeit in allen Klassenstufen<\/li>\n<li>w\u00f6chentlich zwei Unterrichtssequenzen der Kinder im Vorschulalter<\/li>\n<li>Begegnungssprache Englisch ab Klasse 1<\/li>\n<li>w\u00f6chentlich 1 Stunde Schwimmunterricht Klasse 1 bis Klasse 4<\/li>\n<li>w\u00f6chentlich 1 Stunde Computerunterricht Klasse 1 bis Klasse 4<\/li>\n<li>Informatikunterricht f\u00fcr Klasse 5 und 6<\/li>\n<li>zus\u00e4tzliche F\u00e4cher mit w\u00f6chentlich je 1 Unterrichtsstunde Wir lernen Lernen (Will) und Sozialpraktisches Lernen (SPL)<\/li>\n<li>die Klassenleiter betreuen in der Regel die Klasse sechs Jahre<\/li>\n<li>die Erzieherinnen und Erzieher begleiten die Kinder 6 Jahre<\/li>\n<li>eine enge Zusammenarbeit von Grundschule und Hort in eigener Tr\u00e4gerschaft im Rahmen der Realisierung des Konzeptes \u201eVerl\u00e4ssliche Halbtagsgrundschule mit Hort\u201c<\/li>\n<li>Schulkleidung<\/li>\n<li>aktive Einbeziehung der Eltern in die Schulgestaltung<\/li>\n<li>regelm\u00e4\u00dfige kostenlose Fortbildungsangebote f\u00fcr die Eltern<\/li>\n<li>Vernetzung mit Fachpersonal des ASF\u00b4s<\/li>\n<li>t\u00e4glich gesundes Pausenangebot mit Obst und Getr\u00e4nken<\/li>\n<\/ul>\n<h4>Ausstattung<\/h4>\n<ul>\n<li>Barrierefreiheit im gesamten Geb\u00e4ude<\/li>\n<li>gro\u00dfz\u00fcgig ausgestattete Klassen- und angrenzende Hortzimmer von Klasse 1-4<\/li>\n<li>Fachr\u00e4ume f\u00fcr Musik, Kunst , Wirtschaft-Arbeit-Technik (WAT), &#8211; Informatik\/Naturwissenschaften<\/li>\n<li>Sch\u00fclerbibliothek, Kinderk\u00fcche<\/li>\n<li>weitr\u00e4umiges Au\u00dfengel\u00e4nde mit Sportplatz, Sporthalle und Spielplatz<\/li>\n<\/ul>\n<h4>Wir sind eine vom Land Brandenburg zertifizierte Gesunde Schule<\/h4>\n<p>klassenspezifische Gesundheitsf\u00f6rderung in den Bereichen gesunde Ern\u00e4hrung, Yoga, R\u00fcckenschule, Suchtverhalten, Medienverhalten, Konfliktl\u00f6sungsstrategien, t\u00e4glich gesundes Pausenangebot mit Obst und Getr\u00e4nken<\/p>\n<\/div><div class=\"fusion-clearfix\"><\/div><\/div><\/div><div class=\"fusion-layout-column fusion_builder_column fusion-builder-column-2 fusion_builder_column_1_4 1_4 fusion-one-fourth fusion-column-last\" style=\"--awb-bg-size:cover;width:25%;width:calc(25% - ( ( 4% + 4% ) * 0.25 ) );\"><div class=\"fusion-column-wrapper fusion-column-has-shadow fusion-flex-column-wrapper-legacy\"><div class=\"fusion-menu-anchor\" id=\"download-schule\"><\/div><div class=\"fusion-reading-box-container reading-box-container-1\" style=\"--awb-title-color:#303030;--awb-margin-top:0px;--awb-margin-bottom:84px;\"><div class=\"reading-box\" style=\"background-color:#f6f6f6;border-width:1px;border-color:#f6f6f6;border-left-width:3px;border-left-color:var(--primary_color);border-style:solid;\"><h2>Kontakt<\/h2><div class=\"reading-box-additional fusion-reading-box-additional\">\n<p><strong>Lausitzer Haus des Lernens<\/strong><\/p>\n<p>Gartenstra\u00dfe 18<br \/>\n03130 Spremberg<\/p>\n<p>E-Mail: <a href=\"mailto:grundschule@asf-lhl.de\">grundschule@asf-brandenburg.de<\/a><br \/>\nTelefon: 03563 594820<br \/>\nFax: 03563 59 43 46<\/p>\n<p><strong>Ansprechpartnerinnen<\/strong><\/p>\n<p>Schulleiterin:<br \/>\n<em>Daniela Hecht<\/em><br \/>\nstellvertretende Schulleiterin\/Verwaltung:<em><br \/>\nHeike Schulz<\/em><\/p>\n<\/div><div class=\"fusion-clearfix\"><\/div><\/div><\/div><div class=\"fusion-reading-box-container reading-box-container-2\" style=\"--awb-title-color:#303030;--awb-margin-top:0px;--awb-margin-bottom:84px;\"><div class=\"reading-box\" style=\"background-color:#f6f6f6;border-width:1px;border-color:#f6f6f6;border-left-width:3px;border-left-color:var(--primary_color);border-style:solid;\"><div class=\"reading-box-additional\">\n<h2 class=\"fusion-responsive-typography-calculated\" data-fontsize=\"30\" data-lineheight=\"45px\">Downloads<\/h2>\n<div class=\"reading-box-additional fusion-reading-box-additional\">\n<ul>\n<li><a class=\"da-download-link da-download-attachment-487\" title=\"Schulgeldordnung \u00bb\" href=\"https:\/\/www.asf-brandenburg.de\/asf_wp\/wp-content\/uploads\/2025\/06\/Schulgeldordnung-gueltig-ab-01.08.2025.pdf\">Schulgeldordnung \u00bb<\/a><\/li>\n<li><a href=\"https:\/\/www.asf-brandenburg.de\/asf_wp\/wp-content\/uploads\/2019\/03\/Elternbeitragsordnung-Horte-Kita.pdf\">Elternbeitragsordnung f\u00fcr Horte &amp; Kita \u00bb<\/a><\/li>\n<li><a href=\"https:\/\/www.asf-brandenburg.de\/asf_wp\/wp-content\/uploads\/2026\/04\/Formular-Elternstunden-SJ-2025-26.pdf\">Elternstundennachweis \u00bb<\/a><\/li>\n<li><a href=\"https:\/\/www.asf-brandenburg.de\/asf_wp\/wp-content\/uploads\/2024\/04\/Interessentenformular-2024.pdf\">Interessentenformular f\u00fcr die Grundschule<\/a><\/li>\n<\/ul>\n<\/div>\n<\/div><div class=\"fusion-clearfix\"><\/div><\/div><\/div><div class=\"fusion-reading-box-container reading-box-container-3\" style=\"--awb-title-color:#303030;--awb-margin-top:0px;--awb-margin-bottom:84px;\"><div class=\"reading-box\" style=\"background-color:#f6f6f6;border-width:1px;border-color:#f6f6f6;border-left-width:3px;border-left-color:var(--primary_color);border-style:solid;\"><div class=\"reading-box-additional\">\n<h2 class=\"fusion-responsive-typography-calculated\" data-fontsize=\"30\" data-lineheight=\"45px\">N\u00e4chste Termine<\/h2>\n<div class=\"reading-box-additional fusion-reading-box-additional\">\n<p><a href=\"https:\/\/www.asf-brandenburg.de\/asf_wp\/lausitzer_haus_des_lernens\/aktuelles\/kalender\/\">Hier geht&#8217;s zum Kalender.<\/a><\/p>\n<\/div>\n<\/div><div class=\"fusion-clearfix\"><\/div><\/div><\/div><div class=\"fusion-clearfix\"><\/div><\/div><\/div><div class=\"fusion-layout-column fusion_builder_column fusion-builder-column-3 fusion_builder_column_3_4 3_4 fusion-three-fourth fusion-column-first\" style=\"--awb-bg-blend:overlay;--awb-bg-size:cover;width:75%;width:calc(75% - ( ( 4% ) * 0.75 ) );margin-right: 4%;\"><div class=\"fusion-column-wrapper fusion-flex-column-wrapper-legacy\"><div class=\"fusion-clearfix\"><\/div><\/div><\/div><div class=\"fusion-layout-column fusion_builder_column fusion-builder-column-4 fusion_builder_column_1_4 1_4 fusion-one-fourth fusion-column-last\" style=\"--awb-bg-size:cover;width:25%;width:calc(25% - ( ( 4% ) * 0.25 ) );\"><div class=\"fusion-column-wrapper fusion-column-has-shadow fusion-flex-column-wrapper-legacy\"><div class=\"fusion-clearfix\"><\/div><\/div><\/div><\/div><\/div>\n","protected":false},"excerpt":{"rendered":"","protected":false},"author":1,"featured_media":0,"parent":0,"menu_order":101,"comment_status":"closed","ping_status":"closed","template":"100-width.php","meta":{"inline_featured_image":false,"footnotes":""},"class_list":["post-373","page","type-page","status-publish","hentry"],"yoast_head":"<!-- This site is optimized with the Yoast SEO plugin v27.5 - https:\/\/yoast.com\/product\/yoast-seo-wordpress\/ -->\n<title>Lausitzer Haus des Lernens - Albert-Schweitzer-Familienwerk Brandenburg e.V.<\/title>\n<meta name=\"robots\" content=\"index, follow, max-snippet:-1, max-image-preview:large, max-video-preview:-1\" \/>\n<link rel=\"canonical\" href=\"https:\/\/www.asf-brandenburg.de\/asf_wp\/lausitzer_haus_des_lernens\/\" \/>\n<meta property=\"og:locale\" content=\"de_DE\" \/>\n<meta property=\"og:type\" content=\"article\" \/>\n<meta property=\"og:title\" content=\"Lausitzer Haus des Lernens - Albert-Schweitzer-Familienwerk Brandenburg e.V.\" \/>\n<meta property=\"og:url\" content=\"https:\/\/www.asf-brandenburg.de\/asf_wp\/lausitzer_haus_des_lernens\/\" \/>\n<meta property=\"og:site_name\" content=\"Albert-Schweitzer-Familienwerk Brandenburg e.V.\" \/>\n<meta property=\"article:publisher\" content=\"https:\/\/www.facebook.com\/AlbertSchweitzerFamilienwerkBrandenburg\" \/>\n<meta property=\"article:modified_time\" content=\"2026-04-30T12:22:50+00:00\" \/>\n<meta name=\"twitter:card\" content=\"summary_large_image\" \/>\n<meta name=\"twitter:label1\" content=\"Gesch\u00e4tzte Lesezeit\" \/>\n\t<meta name=\"twitter:data1\" content=\"3\u00a0Minuten\" \/>\n<script type=\"application\/ld+json\" class=\"yoast-schema-graph\">{\"@context\":\"https:\\\/\\\/schema.org\",\"@graph\":[{\"@type\":\"WebPage\",\"@id\":\"https:\\\/\\\/www.asf-brandenburg.de\\\/asf_wp\\\/lausitzer_haus_des_lernens\\\/\",\"url\":\"https:\\\/\\\/www.asf-brandenburg.de\\\/asf_wp\\\/lausitzer_haus_des_lernens\\\/\",\"name\":\"Lausitzer Haus des Lernens - Albert-Schweitzer-Familienwerk Brandenburg e.V.\",\"isPartOf\":{\"@id\":\"https:\\\/\\\/www.asf-brandenburg.de\\\/asf_wp\\\/#website\"},\"datePublished\":\"2019-03-14T08:06:13+00:00\",\"dateModified\":\"2026-04-30T12:22:50+00:00\",\"breadcrumb\":{\"@id\":\"https:\\\/\\\/www.asf-brandenburg.de\\\/asf_wp\\\/lausitzer_haus_des_lernens\\\/#breadcrumb\"},\"inLanguage\":\"de\",\"potentialAction\":[{\"@type\":\"ReadAction\",\"target\":[\"https:\\\/\\\/www.asf-brandenburg.de\\\/asf_wp\\\/lausitzer_haus_des_lernens\\\/\"]}]},{\"@type\":\"BreadcrumbList\",\"@id\":\"https:\\\/\\\/www.asf-brandenburg.de\\\/asf_wp\\\/lausitzer_haus_des_lernens\\\/#breadcrumb\",\"itemListElement\":[{\"@type\":\"ListItem\",\"position\":1,\"name\":\"Startseite\",\"item\":\"https:\\\/\\\/www.asf-brandenburg.de\\\/asf_wp\\\/\"},{\"@type\":\"ListItem\",\"position\":2,\"name\":\"Lausitzer Haus des Lernens\"}]},{\"@type\":\"WebSite\",\"@id\":\"https:\\\/\\\/www.asf-brandenburg.de\\\/asf_wp\\\/#website\",\"url\":\"https:\\\/\\\/www.asf-brandenburg.de\\\/asf_wp\\\/\",\"name\":\"Albert-Schweitzer-Kinderd\u00f6rfer und Familienwerke Brandenburg e. V.\",\"description\":\"\",\"publisher\":{\"@id\":\"https:\\\/\\\/www.asf-brandenburg.de\\\/asf_wp\\\/#organization\"},\"potentialAction\":[{\"@type\":\"SearchAction\",\"target\":{\"@type\":\"EntryPoint\",\"urlTemplate\":\"https:\\\/\\\/www.asf-brandenburg.de\\\/asf_wp\\\/?s={search_term_string}\"},\"query-input\":{\"@type\":\"PropertyValueSpecification\",\"valueRequired\":true,\"valueName\":\"search_term_string\"}}],\"inLanguage\":\"de\"},{\"@type\":\"Organization\",\"@id\":\"https:\\\/\\\/www.asf-brandenburg.de\\\/asf_wp\\\/#organization\",\"name\":\"Albert-Schweitzer-Familienwerk Brandenburg e. V.\",\"url\":\"https:\\\/\\\/www.asf-brandenburg.de\\\/asf_wp\\\/\",\"logo\":{\"@type\":\"ImageObject\",\"inLanguage\":\"de\",\"@id\":\"https:\\\/\\\/www.asf-brandenburg.de\\\/asf_wp\\\/#\\\/schema\\\/logo\\\/image\\\/\",\"url\":\"https:\\\/\\\/www.asf-brandenburg.de\\\/asf_wp\\\/wp-content\\\/uploads\\\/2018\\\/08\\\/Logo_ASF_BRB_318x107.png\",\"contentUrl\":\"https:\\\/\\\/www.asf-brandenburg.de\\\/asf_wp\\\/wp-content\\\/uploads\\\/2018\\\/08\\\/Logo_ASF_BRB_318x107.png\",\"width\":318,\"height\":107,\"caption\":\"Albert-Schweitzer-Familienwerk Brandenburg e. V.\"},\"image\":{\"@id\":\"https:\\\/\\\/www.asf-brandenburg.de\\\/asf_wp\\\/#\\\/schema\\\/logo\\\/image\\\/\"},\"sameAs\":[\"https:\\\/\\\/www.facebook.com\\\/AlbertSchweitzerFamilienwerkBrandenburg\",\"https:\\\/\\\/www.youtube.com\\\/@asfbrandenburg\",\"https:\\\/\\\/www.instagram.com\\\/asf_brandenburg\\\/\"]}]}<\/script>\n<!-- \/ Yoast SEO plugin. -->","yoast_head_json":{"title":"Lausitzer Haus des Lernens - Albert-Schweitzer-Familienwerk Brandenburg e.V.","robots":{"index":"index","follow":"follow","max-snippet":"max-snippet:-1","max-image-preview":"max-image-preview:large","max-video-preview":"max-video-preview:-1"},"canonical":"https:\/\/www.asf-brandenburg.de\/asf_wp\/lausitzer_haus_des_lernens\/","og_locale":"de_DE","og_type":"article","og_title":"Lausitzer Haus des Lernens - Albert-Schweitzer-Familienwerk Brandenburg e.V.","og_url":"https:\/\/www.asf-brandenburg.de\/asf_wp\/lausitzer_haus_des_lernens\/","og_site_name":"Albert-Schweitzer-Familienwerk Brandenburg e.V.","article_publisher":"https:\/\/www.facebook.com\/AlbertSchweitzerFamilienwerkBrandenburg","article_modified_time":"2026-04-30T12:22:50+00:00","twitter_card":"summary_large_image","twitter_misc":{"Gesch\u00e4tzte Lesezeit":"3\u00a0Minuten"},"schema":{"@context":"https:\/\/schema.org","@graph":[{"@type":"WebPage","@id":"https:\/\/www.asf-brandenburg.de\/asf_wp\/lausitzer_haus_des_lernens\/","url":"https:\/\/www.asf-brandenburg.de\/asf_wp\/lausitzer_haus_des_lernens\/","name":"Lausitzer Haus des Lernens - Albert-Schweitzer-Familienwerk Brandenburg e.V.","isPartOf":{"@id":"https:\/\/www.asf-brandenburg.de\/asf_wp\/#website"},"datePublished":"2019-03-14T08:06:13+00:00","dateModified":"2026-04-30T12:22:50+00:00","breadcrumb":{"@id":"https:\/\/www.asf-brandenburg.de\/asf_wp\/lausitzer_haus_des_lernens\/#breadcrumb"},"inLanguage":"de","potentialAction":[{"@type":"ReadAction","target":["https:\/\/www.asf-brandenburg.de\/asf_wp\/lausitzer_haus_des_lernens\/"]}]},{"@type":"BreadcrumbList","@id":"https:\/\/www.asf-brandenburg.de\/asf_wp\/lausitzer_haus_des_lernens\/#breadcrumb","itemListElement":[{"@type":"ListItem","position":1,"name":"Startseite","item":"https:\/\/www.asf-brandenburg.de\/asf_wp\/"},{"@type":"ListItem","position":2,"name":"Lausitzer Haus des Lernens"}]},{"@type":"WebSite","@id":"https:\/\/www.asf-brandenburg.de\/asf_wp\/#website","url":"https:\/\/www.asf-brandenburg.de\/asf_wp\/","name":"Albert-Schweitzer-Kinderd\u00f6rfer und Familienwerke Brandenburg e. V.","description":"","publisher":{"@id":"https:\/\/www.asf-brandenburg.de\/asf_wp\/#organization"},"potentialAction":[{"@type":"SearchAction","target":{"@type":"EntryPoint","urlTemplate":"https:\/\/www.asf-brandenburg.de\/asf_wp\/?s={search_term_string}"},"query-input":{"@type":"PropertyValueSpecification","valueRequired":true,"valueName":"search_term_string"}}],"inLanguage":"de"},{"@type":"Organization","@id":"https:\/\/www.asf-brandenburg.de\/asf_wp\/#organization","name":"Albert-Schweitzer-Familienwerk Brandenburg e. V.","url":"https:\/\/www.asf-brandenburg.de\/asf_wp\/","logo":{"@type":"ImageObject","inLanguage":"de","@id":"https:\/\/www.asf-brandenburg.de\/asf_wp\/#\/schema\/logo\/image\/","url":"https:\/\/www.asf-brandenburg.de\/asf_wp\/wp-content\/uploads\/2018\/08\/Logo_ASF_BRB_318x107.png","contentUrl":"https:\/\/www.asf-brandenburg.de\/asf_wp\/wp-content\/uploads\/2018\/08\/Logo_ASF_BRB_318x107.png","width":318,"height":107,"caption":"Albert-Schweitzer-Familienwerk Brandenburg e. V."},"image":{"@id":"https:\/\/www.asf-brandenburg.de\/asf_wp\/#\/schema\/logo\/image\/"},"sameAs":["https:\/\/www.facebook.com\/AlbertSchweitzerFamilienwerkBrandenburg","https:\/\/www.youtube.com\/@asfbrandenburg","https:\/\/www.instagram.com\/asf_brandenburg\/"]}]}},"_links":{"self":[{"href":"https:\/\/www.asf-brandenburg.de\/asf_wp\/wp-json\/wp\/v2\/pages\/373","targetHints":{"allow":["GET"]}}],"collection":[{"href":"https:\/\/www.asf-brandenburg.de\/asf_wp\/wp-json\/wp\/v2\/pages"}],"about":[{"href":"https:\/\/www.asf-brandenburg.de\/asf_wp\/wp-json\/wp\/v2\/types\/page"}],"author":[{"embeddable":true,"href":"https:\/\/www.asf-brandenburg.de\/asf_wp\/wp-json\/wp\/v2\/users\/1"}],"replies":[{"embeddable":true,"href":"https:\/\/www.asf-brandenburg.de\/asf_wp\/wp-json\/wp\/v2\/comments?post=373"}],"version-history":[{"count":14,"href":"https:\/\/www.asf-brandenburg.de\/asf_wp\/wp-json\/wp\/v2\/pages\/373\/revisions"}],"predecessor-version":[{"id":10439,"href":"https:\/\/www.asf-brandenburg.de\/asf_wp\/wp-json\/wp\/v2\/pages\/373\/revisions\/10439"}],"wp:attachment":[{"href":"https:\/\/www.asf-brandenburg.de\/asf_wp\/wp-json\/wp\/v2\/media?parent=373"}],"curies":[{"name":"wp","href":"https:\/\/api.w.org\/{rel}","templated":true}]}}