{"id":361,"date":"2019-03-12T21:34:44","date_gmt":"2019-03-12T20:34:44","guid":{"rendered":"https:\/\/www.asf-brandenburg.de\/asf_wp\/?page_id=361"},"modified":"2026-04-17T11:27:15","modified_gmt":"2026-04-17T09:27:15","slug":"kita-schwarze-pumpe","status":"publish","type":"page","link":"https:\/\/www.asf-brandenburg.de\/asf_wp\/einrichtungen\/kita-schwarze-pumpe\/","title":{"rendered":"Kita Schwarze Pumpe"},"content":{"rendered":"<div class=\"fusion-fullwidth fullwidth-box fusion-builder-row-1 nonhundred-percent-fullwidth non-hundred-percent-height-scrolling\" style=\"--awb-background-position:left top;--awb-border-sizes-top:0px;--awb-border-sizes-bottom:0px;--awb-border-sizes-left:0px;--awb-border-sizes-right:0px;--awb-border-radius-top-left:0px;--awb-border-radius-top-right:0px;--awb-border-radius-bottom-right:0px;--awb-border-radius-bottom-left:0px;--awb-padding-top:10px;--awb-padding-bottom:0px;--awb-flex-wrap:wrap;\" ><div class=\"fusion-builder-row fusion-row\"><div class=\"fusion-layout-column fusion_builder_column fusion-builder-column-0 fusion_builder_column_1_4 1_4 fusion-one-fourth fusion-column-first fusion-no-small-visibility\" style=\"--awb-bg-blend:overlay;--awb-bg-size:cover;width:22%; margin-right: 4%;\"><div class=\"fusion-column-wrapper fusion-column-has-shadow fusion-flex-column-wrapper-legacy\"><div class=\"fusion-widget-area awb-widget-area-element fusion-widget-area-1 fusion-content-widget-area\" style=\"--awb-title-size:22px;--awb-title-color:#303030;--awb-padding:0px 0px 0px 0px;\">\t\t\t<div class=\"textwidget\"><h3>Einrichtungen<\/h3>\n<\/div>\n\t\t<style type=\"text\/css\" data-id=\"avada-vertical-menu-widget-8\">#avada-vertical-menu-widget-8 > ul.menu { margin-top: -8px; }<\/style><style>#fusion-vertical-menu-widget-avada-vertical-menu-widget-8-nav ul.menu li a {font-size:13px;}<\/style><nav id=\"fusion-vertical-menu-widget-avada-vertical-menu-widget-8-nav\" class=\"fusion-vertical-menu-widget fusion-menu hover left no-border\" aria-label=\"Secondary Navigation: \"><ul id=\"menu-einrichtungen\" class=\"menu\"><li id=\"menu-item-264\" class=\"menu-item menu-item-type-post_type menu-item-object-page menu-item-264\"><a href=\"https:\/\/www.asf-brandenburg.de\/asf_wp\/einrichtungen\/ambulante-erziehungshilfen\/\"><span class=\"link-text\"> Ambulante Erziehungshilfen<\/span><span class=\"arrow\"><\/span><\/a><\/li><li id=\"menu-item-335\" class=\"menu-item menu-item-type-post_type menu-item-object-page menu-item-335\"><a href=\"https:\/\/www.asf-brandenburg.de\/asf_wp\/einrichtungen\/eingliederungshilfe\/\"><span class=\"link-text\"> Eingliederungshilfe<\/span><span class=\"arrow\"><\/span><\/a><\/li><li id=\"menu-item-620\" class=\"menu-item menu-item-type-post_type menu-item-object-page menu-item-620\"><a href=\"https:\/\/www.asf-brandenburg.de\/asf_wp\/einrichtungen\/eltern-kind-gruppe\/\"><span class=\"link-text\"> Eltern-Kind-Gruppe<\/span><span class=\"arrow\"><\/span><\/a><\/li><li id=\"menu-item-265\" class=\"menu-item menu-item-type-post_type menu-item-object-page menu-item-265\"><a href=\"https:\/\/www.asf-brandenburg.de\/asf_wp\/einrichtungen\/erziehungs-und-familienberatungsstelle\/\"><span class=\"link-text\"> Erziehungs- und Familienberatungsstelle<\/span><span class=\"arrow\"><\/span><\/a><\/li><li id=\"menu-item-577\" class=\"menu-item menu-item-type-post_type menu-item-object-page menu-item-577\"><a href=\"https:\/\/www.asf-brandenburg.de\/asf_wp\/einrichtungen\/familientreff-spremberg\/\"><span class=\"link-text\"> Familientreff Spremberg<\/span><span class=\"arrow\"><\/span><\/a><\/li><li id=\"menu-item-579\" class=\"menu-item menu-item-type-post_type menu-item-object-page menu-item-579\"><a href=\"https:\/\/www.asf-brandenburg.de\/asf_wp\/einrichtungen\/familientreff-welzow\/\"><span class=\"link-text\"> Familientreff Welzow<\/span><span class=\"arrow\"><\/span><\/a><\/li><li id=\"menu-item-263\" class=\"menu-item menu-item-type-post_type menu-item-object-page menu-item-263\"><a href=\"https:\/\/www.asf-brandenburg.de\/asf_wp\/einrichtungen\/fruehfoerder-und-beratungsstelle\/\"><span class=\"link-text\"> Fr\u00fchf\u00f6rder- und Beratungsstelle<\/span><span class=\"arrow\"><\/span><\/a><\/li><li id=\"menu-item-613\" class=\"menu-item menu-item-type-post_type menu-item-object-page menu-item-613\"><a href=\"https:\/\/www.asf-brandenburg.de\/asf_wp\/einrichtungen\/hort-sellessen-haidemuehl\/\"><span class=\"link-text\"> Hort Sellessen \/ Haidem\u00fchl<\/span><span class=\"arrow\"><\/span><\/a><\/li><li id=\"menu-item-337\" class=\"menu-item menu-item-type-post_type menu-item-object-page menu-item-337\"><a href=\"https:\/\/www.asf-brandenburg.de\/asf_wp\/einrichtungen\/kiss-spremberg\/\"><span class=\"link-text\"> KISS Spremberg (Kontakt- und Informationsstelle Selbsthilfe)<\/span><span class=\"arrow\"><\/span><\/a><\/li><li id=\"menu-item-980\" class=\"menu-item menu-item-type-post_type menu-item-object-page menu-item-has-children menu-item-980\"><a href=\"https:\/\/www.asf-brandenburg.de\/asf_wp\/einrichtungen\/kita_graustein\/\"><span class=\"link-text\"> Kitas<\/span><span class=\"arrow\"><\/span><\/a><ul class=\"sub-menu\"><li id=\"menu-item-334\" class=\"menu-item menu-item-type-post_type menu-item-object-page menu-item-334\"><a href=\"https:\/\/www.asf-brandenburg.de\/asf_wp\/einrichtungen\/kita_graustein\/\"><span class=\"link-text\"> Kita Graustein<\/span><span class=\"arrow\"><\/span><\/a><\/li><li id=\"menu-item-333\" class=\"menu-item menu-item-type-post_type menu-item-object-page menu-item-333\"><a href=\"https:\/\/www.asf-brandenburg.de\/asf_wp\/einrichtungen\/kita-gross-luja\/\"><span class=\"link-text\"> Kita Gro\u00df Luja<\/span><span class=\"arrow\"><\/span><\/a><\/li><li id=\"menu-item-336\" class=\"menu-item menu-item-type-post_type menu-item-object-page menu-item-336\"><a href=\"https:\/\/www.asf-brandenburg.de\/asf_wp\/einrichtungen\/kita-hummelnest\/\"><span class=\"link-text\"> Kita &#8222;Hummelnest&#8220;<\/span><span class=\"arrow\"><\/span><\/a><\/li><li id=\"menu-item-367\" class=\"menu-item menu-item-type-post_type menu-item-object-page menu-item-367\"><a href=\"https:\/\/www.asf-brandenburg.de\/asf_wp\/einrichtungen\/kita-schwarze-pumpe\/\"><span class=\"link-text\"> Kita Schwarze Pumpe<\/span><span class=\"arrow\"><\/span><\/a><\/li><\/ul><\/li><li id=\"menu-item-586\" class=\"menu-item menu-item-type-post_type menu-item-object-page menu-item-586\"><a href=\"https:\/\/www.asf-brandenburg.de\/asf_wp\/einrichtungen\/offener-jugendtreff-spremberg-2\/\"><span class=\"link-text\"> Offener Jugendtreff Spremberg<\/span><span class=\"arrow\"><\/span><\/a><\/li><li id=\"menu-item-653\" class=\"menu-item menu-item-type-post_type menu-item-object-page menu-item-653\"><a href=\"https:\/\/www.asf-brandenburg.de\/asf_wp\/einrichtungen\/offene-werkstatt-spremberg\/\"><span class=\"link-text\"> Offene Werkstatt Spremberg<\/span><span class=\"arrow\"><\/span><\/a><\/li><li id=\"menu-item-262\" class=\"menu-item menu-item-type-post_type menu-item-object-page menu-item-262\"><a href=\"https:\/\/www.asf-brandenburg.de\/asf_wp\/einrichtungen\/praxis-fuer-logopaedie\/\"><span class=\"link-text\"> Praxis f\u00fcr Logop\u00e4die<\/span><span class=\"arrow\"><\/span><\/a><\/li><li id=\"menu-item-607\" class=\"menu-item menu-item-type-post_type menu-item-object-page menu-item-607\"><a href=\"https:\/\/www.asf-brandenburg.de\/asf_wp\/einrichtungen\/schulsozialarbeit\/\"><span class=\"link-text\"> Schulsozialarbeit<\/span><span class=\"arrow\"><\/span><\/a><\/li><li id=\"menu-item-6021\" class=\"menu-item menu-item-type-post_type menu-item-object-page menu-item-6021\"><a href=\"https:\/\/www.asf-brandenburg.de\/asf_wp\/einrichtungen\/stadtchor-spremberg\/\"><span class=\"link-text\"> Stadtchor Spremberg<\/span><span class=\"arrow\"><\/span><\/a><\/li><li id=\"menu-item-2130\" class=\"menu-item menu-item-type-post_type menu-item-object-page menu-item-has-children menu-item-2130\"><a href=\"https:\/\/www.asf-brandenburg.de\/asf_wp\/einrichtungen\/tafel-projekte\/\"><span class=\"link-text\"> Tafel-Projekte<\/span><span class=\"arrow\"><\/span><\/a><ul class=\"sub-menu\"><li id=\"menu-item-1454\" class=\"menu-item menu-item-type-post_type menu-item-object-page menu-item-1454\"><a href=\"https:\/\/www.asf-brandenburg.de\/asf_wp\/einrichtungen\/tafel-projekte\/tafel-spremberg\/\"><span class=\"link-text\"> Tafel Spremberg<\/span><span class=\"arrow\"><\/span><\/a><\/li><li id=\"menu-item-2135\" class=\"menu-item menu-item-type-post_type menu-item-object-page menu-item-2135\"><a href=\"https:\/\/www.asf-brandenburg.de\/asf_wp\/einrichtungen\/tafel-projekte\/tafel-cottbus\/\"><span class=\"link-text\"> Tafel Cottbus<\/span><span class=\"arrow\"><\/span><\/a><\/li><li id=\"menu-item-2134\" class=\"menu-item menu-item-type-post_type menu-item-object-page menu-item-2134\"><a href=\"https:\/\/www.asf-brandenburg.de\/asf_wp\/einrichtungen\/tafel-projekte\/tafel-welzow\/\"><span class=\"link-text\"> Tafel Welzow<\/span><span class=\"arrow\"><\/span><\/a><\/li><li id=\"menu-item-2133\" class=\"menu-item menu-item-type-post_type menu-item-object-page menu-item-2133\"><a href=\"https:\/\/www.asf-brandenburg.de\/asf_wp\/einrichtungen\/tafel-projekte\/tafel-drebkau\/\"><span class=\"link-text\"> Tafel Drebkau<\/span><span class=\"arrow\"><\/span><\/a><\/li><li id=\"menu-item-2132\" class=\"menu-item menu-item-type-post_type menu-item-object-page menu-item-2132\"><a href=\"https:\/\/www.asf-brandenburg.de\/asf_wp\/einrichtungen\/tafel-projekte\/tafel-luckau-mit-ausgabestelle-golssen\/\"><span class=\"link-text\"> Tafel Luckau mit Ausgabestelle Gol\u00dfen<\/span><span class=\"arrow\"><\/span><\/a><\/li><li id=\"menu-item-2131\" class=\"menu-item menu-item-type-post_type menu-item-object-page menu-item-2131\"><a href=\"https:\/\/www.asf-brandenburg.de\/asf_wp\/einrichtungen\/tafel-projekte\/tafel-luebben\/\"><span class=\"link-text\"> Tafel L\u00fcbben<\/span><span class=\"arrow\"><\/span><\/a><\/li><\/ul><\/li><li id=\"menu-item-652\" class=\"menu-item menu-item-type-post_type menu-item-object-page menu-item-652\"><a href=\"https:\/\/www.asf-brandenburg.de\/asf_wp\/einrichtungen\/tages-und-ferienbetreuung\/\"><span class=\"link-text\"> Tages- und Ferienbetreuung<\/span><span class=\"arrow\"><\/span><\/a><\/li><li id=\"menu-item-338\" class=\"menu-item menu-item-type-post_type menu-item-object-page menu-item-338\"><a href=\"https:\/\/www.asf-brandenburg.de\/asf_wp\/einrichtungen\/taeter-opfer-ausgleich\/\"><span class=\"link-text\"> Vermittlungsstelle T\u00e4ter-Opfer-Ausgleich<\/span><span class=\"arrow\"><\/span><\/a><\/li><\/ul><\/nav>Get Social\n\t\t<div class=\"fusion-social-networks\">\n\n\t\t\t<div class=\"fusion-social-networks-wrapper\">\n\t\t\t\t\t\t\t\t\t\t\t\t\n\t\t\t<\/div>\n\t\t<\/div>\n\n\t\t<div class=\"fusion-additional-widget-content\"><\/div><\/div><div class=\"fusion-clearfix\"><\/div><\/div><\/div>\n<div class=\"fusion-layout-column fusion_builder_column fusion-builder-column-1 fusion_builder_column_3_4 3_4 fusion-three-fourth fusion-column-last\" style=\"--awb-bg-blend:overlay;--awb-bg-size:cover;width:74%;\"><div class=\"fusion-column-wrapper fusion-flex-column-wrapper-legacy\"><div class=\"fusion-image-element in-legacy-container\" style=\"--awb-caption-title-font-family:var(--h2_typography-font-family);--awb-caption-title-font-weight:var(--h2_typography-font-weight);--awb-caption-title-font-style:var(--h2_typography-font-style);--awb-caption-title-size:var(--h2_typography-font-size);--awb-caption-title-transform:var(--h2_typography-text-transform);--awb-caption-title-line-height:var(--h2_typography-line-height);--awb-caption-title-letter-spacing:var(--h2_typography-letter-spacing);\"><span class=\" fusion-imageframe imageframe-dropshadow imageframe-1 hover-type-none\" style=\"-webkit-box-shadow: 3px 3px 7px rgba(0,0,0,0.3);box-shadow: 3px 3px 7px rgba(0,0,0,0.3);\"><img decoding=\"async\" width=\"960\" height=\"355\" alt=\"Kita Schwarze Pumpe\" title=\"Kita Schwarze Pumpe\" src=\"https:\/\/www.asf-brandenburg.de\/asf_wp\/wp-content\/uploads\/2020\/02\/Kita-Schwarze-Pumpe.jpg\" class=\"img-responsive wp-image-1803\" srcset=\"https:\/\/www.asf-brandenburg.de\/asf_wp\/wp-content\/uploads\/2020\/02\/Kita-Schwarze-Pumpe-200x74.jpg 200w, https:\/\/www.asf-brandenburg.de\/asf_wp\/wp-content\/uploads\/2020\/02\/Kita-Schwarze-Pumpe-400x148.jpg 400w, https:\/\/www.asf-brandenburg.de\/asf_wp\/wp-content\/uploads\/2020\/02\/Kita-Schwarze-Pumpe-600x222.jpg 600w, https:\/\/www.asf-brandenburg.de\/asf_wp\/wp-content\/uploads\/2020\/02\/Kita-Schwarze-Pumpe-800x296.jpg 800w, https:\/\/www.asf-brandenburg.de\/asf_wp\/wp-content\/uploads\/2020\/02\/Kita-Schwarze-Pumpe.jpg 960w\" sizes=\"(max-width: 800px) 100vw, 960px\" \/><\/span><\/div>\n<div class=\"fusion-sep-clear\"><\/div><div class=\"fusion-separator fusion-full-width-sep\" style=\"margin-left: auto;margin-right: auto;margin-top:15px;margin-bottom:0px;width:100%;\"><\/div><div class=\"fusion-sep-clear\"><\/div><div class=\"fusion-title title fusion-title-1 fusion-sep-none fusion-title-text fusion-title-size-one\" style=\"--awb-margin-top:70px;--awb-margin-bottom:20px;--awb-margin-top-small:0px;--awb-margin-right-small:0px;--awb-margin-bottom-small:20px;--awb-margin-left-small:0px;\"><h1 class=\"fusion-title-heading title-heading-left fusion-responsive-typography-calculated\" style=\"margin:0;--fontSize:35;line-height:1.4;\">Kita Schwarze Pumpe<\/h1><\/div><div class=\"fusion-text fusion-text-1\"><p><span class=\"zitat\">\u00bbIch bin Leben, das leben will, inmitten von Leben, das leben will.<\/span><span id=\"zitat\" class=\"zitat\"><\/span><span id=\"zitat\" class=\"zitat\">\u00ab Albert Schweitzer<br \/>\n<\/span><\/p>\n<\/div><div class=\"fusion-builder-row fusion-builder-row-inner fusion-row\"><div class=\"fusion-layout-column fusion_builder_column_inner fusion-builder-nested-column-0 fusion_builder_column_inner_2_3 2_3 fusion-two-third fusion-column-first\" style=\"--awb-bg-blend:overlay;--awb-bg-size:cover;width:66.6666666667%;width:calc(66.6666666667% - ( ( 4% ) * 0.666666666667 ) );margin-right: 4%;\"><div class=\"fusion-column-wrapper fusion-flex-column-wrapper-legacy\"><div class=\"fusion-text fusion-text-2\"><p><strong><span style=\"color: #008000;\">\u00dcber uns<\/span><\/strong><\/p>\n<p>Kita Kinderland \u2013 das sind wir. Eine kleine Einrichtung mit 33 Kindern und 5 p\u00e4dagogischen Fachkr\u00e4ften. Eine K\u00f6chin, die t\u00e4glich f\u00fcr unsere Kinder frisch kocht, komplettiert unser Team.<\/p>\n<p>Wir befinden uns in ruhiger Lage eines Wohngebietes im Spremberger Ortsteil Schwarze Pumpe. Nahe gelegene Felder und W\u00e4lder laden die Kinder zu allen Jahreszeiten zum Spielen, Toben und Entdecken ein. Die Kinder unserer Kindertagesst\u00e4tte werden in zwei Gruppen betreut: W\u00fcrmchen (ca. 0 \u2013 3 Jahre) und Wirbelwinde (ca. 3 \u00a0Jahre bis Schuleintritt).<\/p>\n<p>Wir arbeiten teiloffen. Das bedeutet, dass wir altershomogene Gruppen haben, jedoch die einzelnen R\u00e4ume zu bestimmten Tageszeiten f\u00fcr alle Kinder \u00f6ffnen. Im Fr\u00fch- und Sp\u00e4tdienst, zu Freispielzeiten oder nat\u00fcrlich auch im Spiel auf dem Au\u00dfengel\u00e4nde haben die Kinder jederzeit die M\u00f6glichkeit, gruppen\u00fcbergreifend zu spielen.<\/p>\n<p>Die Kinder in unserer Einrichtung werden voll versorgt. Wir bieten ihnen ein vielf\u00e4ltiges Fr\u00fchst\u00fccksbuffet, abwechslungsreiches Mittagessen von unserer hauseigenen K\u00f6chin sowie ein vielseitiges Vesper-Angebot. Bei allen Mahlzeiten achten wir auf eine ausgewogene Ern\u00e4hrung und selbstverst\u00e4ndlich auch auf Allergien und Nahrungsmittelunvertr\u00e4glichkeiten sowie religi\u00f6se Ern\u00e4hrungsformen. Auf unserem Getr\u00e4nkebuffet, an dem sich die Kinder selbstst\u00e4ndig bedienen k\u00f6nnen, befinden sich jederzeit Becher und Kannen mit Wasser und Tee.<\/p>\n<p>Unsere Einrichtung ist von Montag bis Freitag von jeweils 6 \u2013 17 Uhr ge\u00f6ffnet. An Br\u00fcckentagen sowie zwischen Weihnachten und Neujahr bleibt die Kita geschlossen. Zudem haben wir eine j\u00e4hrliche Sommerschlie\u00dfzeit von 2 Wochen.<\/p>\n<p><span style=\"color: #008000;\"><strong>Was unsere Arbeit pr\u00e4gt<\/strong><\/span><\/p>\n<p><strong>Ehrfurcht vor dem Leben<\/strong><\/p>\n<p>Die Ehrfurcht vor allem Leben dieser Erde, die der Namenspatron unseres Tr\u00e4gers Albert Schweitzer lebte, wollen wir den uns anvertrauten Kindern und ihren Familien vermitteln und vorleben. Die Natur in all ihren Facetten zu achten, zu erhalten und zu erleben ist t\u00e4glicher Bestandteil unseres Kita-Alltags.<\/p>\n<p>Daher verbringen wir so viel Zeit wie m\u00f6glich im Freien, machen lange Spazierg\u00e4nge oder besuchen den nahegelegenen Wald. Hier k\u00f6nnen sich die Kinder im Klettern und Balancieren ausprobieren und ihre eigenen Grenzen erkunden.\u00a0Zudem nutzen wir viele Naturmaterialien in unserer Einrichtung zum Bauen, Gestalten, Experimentieren u.v.m.<\/p>\n<p><strong>Angebote der besonderen Art<\/strong><\/p>\n<p>Um die Kinder in ihrer Pers\u00f6nlichkeitsentwicklung bestm\u00f6glich zu unterst\u00fctzen, arbeiten wir angelehnt an das Kitopia-Konzept von Mariele Diekhof und ihren sechs Schl\u00fcsseln zur professionellen Bildungsarbeit.\u00a0Sie helfen uns mit Freude, Professionalit\u00e4t und Leichtigkeit, beste Bildungs-Bedingungen und ein Fundament f\u00fcr die ganz individuelle Entfaltung im eigenen Tempo der Kinder zu schaffen.<\/p>\n<p>Wir m\u00f6chten weniger Zeitdruck und Angebotsverplanungen \u2013 und dennoch, oder gerade deshalb, mehr Bildungsfreude und Lernerfolge f\u00fcr Kinder schaffen. Daher sind die sogenannten \u201cAngebote der besonderen Art\u201d der wichtigste Pfeiler unserer Arbeit. Hier ein kleines Beispiel, um eine Vorstellung von ebendiesen zu bekommen: Unsere Erzieherin brachte ein Buch mit, es handelte vom kleinen Angsthasen. Tina nahm das Buch und setzte sich damit auf eine Decke. Manche Kinder kamen zu ihr und wollten, dass sie ihnen das spannende Buch vorliest. Andere buddelten weiter im Sand und h\u00f6rten von weitem der Geschichte und Tinas angenehm ruhiger Stimme zu. In den folgenden Tagen beobachteten wir, dass auch Kinder die Geschichte nachspielten, Bilder dazu malten und Fragen rund um die Geschichte nachgingen, die zum Zeitpunkt des Vorlesens nicht unmittelbar mit auf der Decke sa\u00dfen und \u201enur\u201c von weitem zuh\u00f6rten. Daraus entwickelte sich ein spannendes Projekt rund um das Thema Angst und Mut. Die Angebote so zu gestalten, dass am Ende daraus f\u00fcr unsere Kinder ein besonderes Projekt entstehen kann, an dem sie \u00fcber einen l\u00e4ngeren Zeitraum in mehreren Bereichen ganzheitlich arbeiten k\u00f6nnen, liegt uns sehr am Herzen. Denn nur, wenn wir uns mit vielen Sinnen einem Thema ann\u00e4hern, ist es uns m\u00f6glich, dazu zu lernen und Wissen aufnehmen zu k\u00f6nnen.<\/p>\n<p><strong>Miteinander \u2013 F\u00fcreinander<\/strong><\/p>\n<p>Eltern\/Personensorgeberechtigte sind die Experten ihrer Kinder. Nur eine gute Zusammenarbeit zwischen p\u00e4dagogischem Fachpersonal und Eltern erm\u00f6glicht die bestm\u00f6gliche Bildung und Entwicklung des Kindes. Daher ist sie fester Bestandteil unserer p\u00e4dagogischen Arbeit und Voraussetzung, um das Kind wirklich zu verstehen, sowie die individuellen Entwicklungsschritte des Kindes unterst\u00fctzen zu k\u00f6nnen. Um eine m\u00f6glichst gelingende Erziehungs- und Bildungspartnerschaft mit den Eltern zu garantieren, nutzen wir verschiedene M\u00f6glichkeiten wie: Elternabende, Eltern- und Entwicklungsgespr\u00e4che, T\u00fcr- und Angelgespr\u00e4che, unsere Eltern-Ecke, regelm\u00e4\u00dfige Elternpost und vieles mehr.<\/p>\n<p><strong>Wir bauen Br\u00fccken<\/strong><\/p>\n<p>Das Leben eines Menschen ist von st\u00e4ndigen Ver\u00e4nderungen gepr\u00e4gt. Gelungene \u00dcberg\u00e4nge machen uns daf\u00fcr stark. In diesen Zeiten des Wandels und der Ver\u00e4nderung wird der Mensch mit besonderen Anforderungen konfrontiert und unterliegt einer st\u00e4ndigen Entwicklung. \u00dcberg\u00e4nge beinhalten Chancen und sind Herausforderung f\u00fcr alle Beteiligten, denn gelingen sie gut, profitiert das Kind davon bei allen weiteren Abl\u00f6sungen, die ihm bevor stehen. Vor diesem Hintergrund nimmt die Gestaltung der \u00dcberg\u00e4nge eines Kindes vom Elternhaus in die Kita, vom Krippen- zum Kindergartenbereich innerhalb der Kita und von der Kita zur Grundschule eine sehr wichtige Rolle ein. Wir nehmen uns gemeinsam mit den Eltern viel Zeit daf\u00fcr, erleben zusammen mit den Kindern viele Abenteuer, wodurch wir eine gute Beziehung zu ihnen aufbauen, die sie durch die Bew\u00e4ltigung der \u00dcberg\u00e4nge tr\u00e4gt.<\/p>\n<p>Wir haben ihr Interesse geweckt? Gern k\u00f6nnen Sie mehr Einblick in unseren Kita-Alltag bekommen. Melden Sie sich einfach unter:<\/p>\n<p style=\"text-align: center;\"><strong>ASF Kita Kinderland<\/strong><br \/>\nSch\u00e4fereistra\u00dfe 36<br \/>\n03130 Spremberg<br \/>\nTel.: 03564 30206<br \/>\nE-Mail: <a href=\"mailto:kita-schwarzepumpe@asf-brandenburg.de\">kita-schwarzepumpe@asf-brandenburg.de<\/a><\/p>\n<p style=\"text-align: center;\"><span style=\"color: #008000;\"><strong>Kindheit<\/strong><\/span><\/p>\n<p style=\"text-align: center;\">Steine riechen<br \/>\n\u00fcber Erde kriechen<br \/>\nBeeren schmecken<br \/>\nRegentropfen lecken<br \/>\nin B\u00fcschen hocken<br \/>\nwilde Tiere locken<br \/>\nBrennnesseln sp\u00fcren<br \/>\nMatsche probieren<br \/>\nB\u00e4ume pflanzen<br \/>\nim Regen tanzen<br \/>\nauf Wiesen liegen<br \/>\nPuppen wiegen<br \/>\nFeuer machen<br \/>\n\u00fcber Witze lachen<br \/>\nBuden bauen<br \/>\nBonbons klauen<br \/>\nauf B\u00e4ume steigen<br \/>\nKr\u00e4fte zeigen<br \/>\nsich verstecken<br \/>\nhinter Hecken<br \/>\nan Dornen ratschen<br \/>\nmit Freunden quatschen<br \/>\nFreiheit, Abenteuer, Lebenslust<br \/>\nstatt F\u00f6rderwahn und Leistungsfrust<\/p>\n<p style=\"text-align: center;\">(Mariele Diekhof)<\/p>\n<\/div><div class=\"fusion-clearfix\"><\/div><\/div><\/div><div class=\"fusion-layout-column fusion_builder_column_inner fusion-builder-nested-column-1 fusion_builder_column_inner_1_3 1_3 fusion-one-third fusion-column-last\" style=\"--awb-bg-blend:overlay;--awb-bg-size:cover;width:33.3333333333%;width:calc(33.3333333333% - ( ( 4% ) * 0.333333333333 ) );\"><div class=\"fusion-column-wrapper fusion-flex-column-wrapper-legacy\"><div class=\"fusion-reading-box-container reading-box-container-1\" style=\"--awb-title-color:#303030;--awb-margin-top:0px;--awb-margin-bottom:84px;\"><div class=\"reading-box\" style=\"background-color:#f6f6f6;border-width:0px;border-color:#2e9f58;border-right-width:3px;border-right-color:var(--primary_color);border-style:solid;\"><h2>Kontakt<\/h2><div class=\"reading-box-additional fusion-reading-box-additional\">\n<p><strong>Kindertagesst\u00e4tte Schwarze Pumpe<\/strong><br \/>\nSch\u00e4fereistra\u00dfe 36<br \/>\n03130 Spremberg OT Schwarze Pumpe<\/p>\n<p>Tel.: 03564 30206<br \/>\nE-Mail: <a href=\"mailto:kita-schwarzepumpe@asf-brandenburg.de\">kita-schwarzepumpe@asf-brandenburg.de<\/a><\/p>\n<p><strong>Ansprechpartnerin<\/strong><\/p>\n<p>Frau Maria Soyka<br \/>\n<i>Leiterin<\/i><\/p>\n<p><strong>Erreichbarkeit<\/strong><\/p>\n<p>Mo. &#8211; Fr. 6 \u2013 17 Uhr<br \/>\n(bei Bedarf ver\u00e4nderbar)<\/p>\n<\/div><div class=\"fusion-clearfix\"><\/div><\/div><\/div><div class=\"fusion-reading-box-container reading-box-container-2\" style=\"--awb-title-color:#303030;--awb-margin-top:0px;--awb-margin-bottom:84px;\"><div class=\"reading-box\" style=\"background-color:#f6f6f6;border-width:1px;border-color:#f6f6f6;border-right-width:3px;border-right-color:var(--primary_color);border-style:solid;\"><h2>Downloads<\/h2><div class=\"reading-box-additional fusion-reading-box-additional\">\n<ul>\n<li><a href=\"https:\/\/www.asf-brandenburg.de\/asf_wp\/wp-content\/uploads\/2019\/03\/Elternbeitragsordnung-Horte-Kita.pdf\"><span class=\"attachment-caption\">Elternbeitragsordnung Horte &amp; Kita \u00bb<\/span><\/a><\/li>\n<li><a href=\"https:\/\/www.asf-brandenburg.de\/asf_wp\/wp-content\/uploads\/2024\/05\/Nachweis-einer-Berufstaetigkeit-1.pdf\">Nachweis einer Berufst\u00e4tigkeit<\/a><\/li>\n<li><a href=\"https:\/\/www.asf-brandenburg.de\/asf_wp\/wp-content\/uploads\/2024\/05\/Ermittlung-fuer-den-Rechtsanspruch-fuer-die-Kita-und-Krippenbetreuung.pdf\">Ermittlung f\u00fcr den Rechtsanspruch f\u00fcr die Kita- und Krippenbetreuung<\/a><\/li>\n<li><a href=\"https:\/\/www.asf-brandenburg.de\/asf_wp\/wp-content\/uploads\/2024\/05\/Aenderung-der-Elterndaten.pdf\">\u00c4nderung der Elterndaten<\/a><\/li>\n<li><a href=\"https:\/\/www.asf-brandenburg.de\/asf_wp\/wp-content\/uploads\/2024\/05\/SEPA-Lastschriftmandat.pdf\">SEPA-Lastschriftmandat<\/a><\/li>\n<\/ul>\n<\/div><div class=\"fusion-clearfix\"><\/div><\/div><\/div><div class=\"fusion-clearfix\"><\/div><\/div><\/div><\/div><div class=\"fusion-clearfix\"><\/div><\/div><\/div><\/div><\/div>\n","protected":false},"excerpt":{"rendered":"","protected":false},"author":1,"featured_media":0,"parent":396,"menu_order":409,"comment_status":"closed","ping_status":"closed","template":"100-width.php","meta":{"inline_featured_image":false,"footnotes":""},"class_list":["post-361","page","type-page","status-publish","hentry"],"yoast_head":"<!-- This site is optimized with the Yoast SEO plugin v27.5 - https:\/\/yoast.com\/product\/yoast-seo-wordpress\/ -->\n<title>Kita Schwarze Pumpe - Albert-Schweitzer-Familienwerk Brandenburg e.V.<\/title>\n<meta name=\"robots\" content=\"index, follow, max-snippet:-1, max-image-preview:large, max-video-preview:-1\" \/>\n<link rel=\"canonical\" href=\"https:\/\/www.asf-brandenburg.de\/asf_wp\/einrichtungen\/kita-schwarze-pumpe\/\" \/>\n<meta property=\"og:locale\" content=\"de_DE\" \/>\n<meta property=\"og:type\" content=\"article\" \/>\n<meta property=\"og:title\" content=\"Kita Schwarze Pumpe - Albert-Schweitzer-Familienwerk Brandenburg e.V.\" \/>\n<meta property=\"og:url\" content=\"https:\/\/www.asf-brandenburg.de\/asf_wp\/einrichtungen\/kita-schwarze-pumpe\/\" \/>\n<meta property=\"og:site_name\" content=\"Albert-Schweitzer-Familienwerk Brandenburg e.V.\" \/>\n<meta property=\"article:publisher\" content=\"https:\/\/www.facebook.com\/AlbertSchweitzerFamilienwerkBrandenburg\" \/>\n<meta property=\"article:modified_time\" content=\"2026-04-17T09:27:15+00:00\" \/>\n<meta name=\"twitter:card\" content=\"summary_large_image\" \/>\n<meta name=\"twitter:label1\" content=\"Gesch\u00e4tzte Lesezeit\" \/>\n\t<meta name=\"twitter:data1\" content=\"6\u00a0Minuten\" \/>\n<script type=\"application\/ld+json\" class=\"yoast-schema-graph\">{\"@context\":\"https:\\\/\\\/schema.org\",\"@graph\":[{\"@type\":\"WebPage\",\"@id\":\"https:\\\/\\\/www.asf-brandenburg.de\\\/asf_wp\\\/einrichtungen\\\/kita-schwarze-pumpe\\\/\",\"url\":\"https:\\\/\\\/www.asf-brandenburg.de\\\/asf_wp\\\/einrichtungen\\\/kita-schwarze-pumpe\\\/\",\"name\":\"Kita Schwarze Pumpe - Albert-Schweitzer-Familienwerk Brandenburg e.V.\",\"isPartOf\":{\"@id\":\"https:\\\/\\\/www.asf-brandenburg.de\\\/asf_wp\\\/#website\"},\"datePublished\":\"2019-03-12T20:34:44+00:00\",\"dateModified\":\"2026-04-17T09:27:15+00:00\",\"breadcrumb\":{\"@id\":\"https:\\\/\\\/www.asf-brandenburg.de\\\/asf_wp\\\/einrichtungen\\\/kita-schwarze-pumpe\\\/#breadcrumb\"},\"inLanguage\":\"de\",\"potentialAction\":[{\"@type\":\"ReadAction\",\"target\":[\"https:\\\/\\\/www.asf-brandenburg.de\\\/asf_wp\\\/einrichtungen\\\/kita-schwarze-pumpe\\\/\"]}]},{\"@type\":\"BreadcrumbList\",\"@id\":\"https:\\\/\\\/www.asf-brandenburg.de\\\/asf_wp\\\/einrichtungen\\\/kita-schwarze-pumpe\\\/#breadcrumb\",\"itemListElement\":[{\"@type\":\"ListItem\",\"position\":1,\"name\":\"Startseite\",\"item\":\"https:\\\/\\\/www.asf-brandenburg.de\\\/asf_wp\\\/\"},{\"@type\":\"ListItem\",\"position\":2,\"name\":\"Angebote\",\"item\":\"https:\\\/\\\/www.asf-brandenburg.de\\\/asf_wp\\\/einrichtungen\\\/\"},{\"@type\":\"ListItem\",\"position\":3,\"name\":\"Kita Schwarze Pumpe\"}]},{\"@type\":\"WebSite\",\"@id\":\"https:\\\/\\\/www.asf-brandenburg.de\\\/asf_wp\\\/#website\",\"url\":\"https:\\\/\\\/www.asf-brandenburg.de\\\/asf_wp\\\/\",\"name\":\"Albert-Schweitzer-Kinderd\u00f6rfer und Familienwerke Brandenburg e. V.\",\"description\":\"\",\"publisher\":{\"@id\":\"https:\\\/\\\/www.asf-brandenburg.de\\\/asf_wp\\\/#organization\"},\"potentialAction\":[{\"@type\":\"SearchAction\",\"target\":{\"@type\":\"EntryPoint\",\"urlTemplate\":\"https:\\\/\\\/www.asf-brandenburg.de\\\/asf_wp\\\/?s={search_term_string}\"},\"query-input\":{\"@type\":\"PropertyValueSpecification\",\"valueRequired\":true,\"valueName\":\"search_term_string\"}}],\"inLanguage\":\"de\"},{\"@type\":\"Organization\",\"@id\":\"https:\\\/\\\/www.asf-brandenburg.de\\\/asf_wp\\\/#organization\",\"name\":\"Albert-Schweitzer-Familienwerk Brandenburg e. V.\",\"url\":\"https:\\\/\\\/www.asf-brandenburg.de\\\/asf_wp\\\/\",\"logo\":{\"@type\":\"ImageObject\",\"inLanguage\":\"de\",\"@id\":\"https:\\\/\\\/www.asf-brandenburg.de\\\/asf_wp\\\/#\\\/schema\\\/logo\\\/image\\\/\",\"url\":\"https:\\\/\\\/www.asf-brandenburg.de\\\/asf_wp\\\/wp-content\\\/uploads\\\/2018\\\/08\\\/Logo_ASF_BRB_318x107.png\",\"contentUrl\":\"https:\\\/\\\/www.asf-brandenburg.de\\\/asf_wp\\\/wp-content\\\/uploads\\\/2018\\\/08\\\/Logo_ASF_BRB_318x107.png\",\"width\":318,\"height\":107,\"caption\":\"Albert-Schweitzer-Familienwerk Brandenburg e. V.\"},\"image\":{\"@id\":\"https:\\\/\\\/www.asf-brandenburg.de\\\/asf_wp\\\/#\\\/schema\\\/logo\\\/image\\\/\"},\"sameAs\":[\"https:\\\/\\\/www.facebook.com\\\/AlbertSchweitzerFamilienwerkBrandenburg\",\"https:\\\/\\\/www.youtube.com\\\/@asfbrandenburg\",\"https:\\\/\\\/www.instagram.com\\\/asf_brandenburg\\\/\"]}]}<\/script>\n<!-- \/ Yoast SEO plugin. -->","yoast_head_json":{"title":"Kita Schwarze Pumpe - Albert-Schweitzer-Familienwerk Brandenburg e.V.","robots":{"index":"index","follow":"follow","max-snippet":"max-snippet:-1","max-image-preview":"max-image-preview:large","max-video-preview":"max-video-preview:-1"},"canonical":"https:\/\/www.asf-brandenburg.de\/asf_wp\/einrichtungen\/kita-schwarze-pumpe\/","og_locale":"de_DE","og_type":"article","og_title":"Kita Schwarze Pumpe - Albert-Schweitzer-Familienwerk Brandenburg e.V.","og_url":"https:\/\/www.asf-brandenburg.de\/asf_wp\/einrichtungen\/kita-schwarze-pumpe\/","og_site_name":"Albert-Schweitzer-Familienwerk Brandenburg e.V.","article_publisher":"https:\/\/www.facebook.com\/AlbertSchweitzerFamilienwerkBrandenburg","article_modified_time":"2026-04-17T09:27:15+00:00","twitter_card":"summary_large_image","twitter_misc":{"Gesch\u00e4tzte Lesezeit":"6\u00a0Minuten"},"schema":{"@context":"https:\/\/schema.org","@graph":[{"@type":"WebPage","@id":"https:\/\/www.asf-brandenburg.de\/asf_wp\/einrichtungen\/kita-schwarze-pumpe\/","url":"https:\/\/www.asf-brandenburg.de\/asf_wp\/einrichtungen\/kita-schwarze-pumpe\/","name":"Kita Schwarze Pumpe - Albert-Schweitzer-Familienwerk Brandenburg e.V.","isPartOf":{"@id":"https:\/\/www.asf-brandenburg.de\/asf_wp\/#website"},"datePublished":"2019-03-12T20:34:44+00:00","dateModified":"2026-04-17T09:27:15+00:00","breadcrumb":{"@id":"https:\/\/www.asf-brandenburg.de\/asf_wp\/einrichtungen\/kita-schwarze-pumpe\/#breadcrumb"},"inLanguage":"de","potentialAction":[{"@type":"ReadAction","target":["https:\/\/www.asf-brandenburg.de\/asf_wp\/einrichtungen\/kita-schwarze-pumpe\/"]}]},{"@type":"BreadcrumbList","@id":"https:\/\/www.asf-brandenburg.de\/asf_wp\/einrichtungen\/kita-schwarze-pumpe\/#breadcrumb","itemListElement":[{"@type":"ListItem","position":1,"name":"Startseite","item":"https:\/\/www.asf-brandenburg.de\/asf_wp\/"},{"@type":"ListItem","position":2,"name":"Angebote","item":"https:\/\/www.asf-brandenburg.de\/asf_wp\/einrichtungen\/"},{"@type":"ListItem","position":3,"name":"Kita Schwarze Pumpe"}]},{"@type":"WebSite","@id":"https:\/\/www.asf-brandenburg.de\/asf_wp\/#website","url":"https:\/\/www.asf-brandenburg.de\/asf_wp\/","name":"Albert-Schweitzer-Kinderd\u00f6rfer und Familienwerke Brandenburg e. V.","description":"","publisher":{"@id":"https:\/\/www.asf-brandenburg.de\/asf_wp\/#organization"},"potentialAction":[{"@type":"SearchAction","target":{"@type":"EntryPoint","urlTemplate":"https:\/\/www.asf-brandenburg.de\/asf_wp\/?s={search_term_string}"},"query-input":{"@type":"PropertyValueSpecification","valueRequired":true,"valueName":"search_term_string"}}],"inLanguage":"de"},{"@type":"Organization","@id":"https:\/\/www.asf-brandenburg.de\/asf_wp\/#organization","name":"Albert-Schweitzer-Familienwerk Brandenburg e. V.","url":"https:\/\/www.asf-brandenburg.de\/asf_wp\/","logo":{"@type":"ImageObject","inLanguage":"de","@id":"https:\/\/www.asf-brandenburg.de\/asf_wp\/#\/schema\/logo\/image\/","url":"https:\/\/www.asf-brandenburg.de\/asf_wp\/wp-content\/uploads\/2018\/08\/Logo_ASF_BRB_318x107.png","contentUrl":"https:\/\/www.asf-brandenburg.de\/asf_wp\/wp-content\/uploads\/2018\/08\/Logo_ASF_BRB_318x107.png","width":318,"height":107,"caption":"Albert-Schweitzer-Familienwerk Brandenburg e. V."},"image":{"@id":"https:\/\/www.asf-brandenburg.de\/asf_wp\/#\/schema\/logo\/image\/"},"sameAs":["https:\/\/www.facebook.com\/AlbertSchweitzerFamilienwerkBrandenburg","https:\/\/www.youtube.com\/@asfbrandenburg","https:\/\/www.instagram.com\/asf_brandenburg\/"]}]}},"_links":{"self":[{"href":"https:\/\/www.asf-brandenburg.de\/asf_wp\/wp-json\/wp\/v2\/pages\/361","targetHints":{"allow":["GET"]}}],"collection":[{"href":"https:\/\/www.asf-brandenburg.de\/asf_wp\/wp-json\/wp\/v2\/pages"}],"about":[{"href":"https:\/\/www.asf-brandenburg.de\/asf_wp\/wp-json\/wp\/v2\/types\/page"}],"author":[{"embeddable":true,"href":"https:\/\/www.asf-brandenburg.de\/asf_wp\/wp-json\/wp\/v2\/users\/1"}],"replies":[{"embeddable":true,"href":"https:\/\/www.asf-brandenburg.de\/asf_wp\/wp-json\/wp\/v2\/comments?post=361"}],"version-history":[{"count":4,"href":"https:\/\/www.asf-brandenburg.de\/asf_wp\/wp-json\/wp\/v2\/pages\/361\/revisions"}],"predecessor-version":[{"id":10425,"href":"https:\/\/www.asf-brandenburg.de\/asf_wp\/wp-json\/wp\/v2\/pages\/361\/revisions\/10425"}],"up":[{"embeddable":true,"href":"https:\/\/www.asf-brandenburg.de\/asf_wp\/wp-json\/wp\/v2\/pages\/396"}],"wp:attachment":[{"href":"https:\/\/www.asf-brandenburg.de\/asf_wp\/wp-json\/wp\/v2\/media?parent=361"}],"curies":[{"name":"wp","href":"https:\/\/api.w.org\/{rel}","templated":true}]}}