{"id":344,"date":"2019-03-12T09:21:33","date_gmt":"2019-03-12T08:21:33","guid":{"rendered":"https:\/\/www.asf-brandenburg.de\/asf_wp\/?page_id=344"},"modified":"2024-03-08T14:44:59","modified_gmt":"2024-03-08T13:44:59","slug":"mitglied-werden","status":"publish","type":"page","link":"https:\/\/www.asf-brandenburg.de\/asf_wp\/mitglied-werden\/","title":{"rendered":"Mitglied werden"},"content":{"rendered":"<div class=\"fusion-fullwidth fullwidth-box fusion-builder-row-1 fusion-flex-container has-pattern-background has-mask-background nonhundred-percent-fullwidth non-hundred-percent-height-scrolling\" style=\"--awb-border-radius-top-left:0px;--awb-border-radius-top-right:0px;--awb-border-radius-bottom-right:0px;--awb-border-radius-bottom-left:0px;--awb-margin-top:-180px;--awb-margin-bottom:100px;--awb-flex-wrap:wrap;\" ><div class=\"fusion-builder-row fusion-row fusion-flex-align-items-flex-start fusion-flex-content-wrap\" style=\"max-width:1331.2px;margin-left: calc(-4% \/ 2 );margin-right: calc(-4% \/ 2 );\"><main class=\"fusion-layout-column fusion_builder_column fusion-builder-column-0 fusion_builder_column_1_1 1_1 fusion-flex-column\" style=\"--awb-z-index:1001;--awb-bg-size:cover;--awb-width-large:100%;--awb-margin-top-large:0px;--awb-spacing-right-large:1.92%;--awb-margin-bottom-large:20px;--awb-spacing-left-large:1.92%;--awb-width-medium:100%;--awb-order-medium:0;--awb-spacing-right-medium:1.92%;--awb-spacing-left-medium:1.92%;--awb-width-small:100%;--awb-order-small:0;--awb-spacing-right-small:1.92%;--awb-spacing-left-small:1.92%;\"><div class=\"fusion-column-wrapper fusion-column-has-shadow fusion-flex-justify-content-flex-start fusion-content-layout-column\"><div class=\"fusion-text fusion-text-1\" style=\"--awb-margin-top:0px;\"><div class=\"fusion-title title fusion-title-1 fusion-sep-none fusion-title-text fusion-title-size-one\">\n<h1 class=\"fusion-responsive-typography-calculated\" data-fontsize=\"35\" data-lineheight=\"49px\"><strong>Sicherheit spenden: Jetzt Vereinsmitglied werden!<\/strong><\/h1>\n<\/div>\n<div class=\"fusion-builder-row fusion-builder-row-inner fusion-row\">\n<div class=\"fusion-layout-column fusion_builder_column_inner fusion-builder-nested-column-0 fusion_builder_column_inner_1_1 1_1 fusion-one-full fusion-column-first fusion-column-last\">\n<div class=\"fusion-column-wrapper fusion-flex-column-wrapper-legacy\">\n<div class=\"fusion-text fusion-text-2\">\n<div class=\"fusion-layout-column fusion_builder_column fusion_builder_column_3_4 fusion-three-fourth fusion-column-last 3_4\">\n<div class=\"fusion-column-wrapper\" data-bg-url=\"\">\n<div class=\"fusion-text\">\n<p>Mit einem regelm\u00e4\u00dfigen Beitrag geben Sie uns die Sicherheit, verl\u00e4sslich planen zu k\u00f6nnen \u2013 und unseren hilfebed\u00fcrftigen Kindern und Familien die Chance auf eine gute Entwicklung.<\/p>\n<p>Mit einer regelm\u00e4\u00dfigen finanziellen Unterst\u00fctzung k\u00f6nnen wir individuelle F\u00f6rderma\u00dfnahmen bezahlen oder weitere Angebote schaffen. Zudem k\u00f6nnen wir nur mit Ihrer Hilfe bestehende Projekte erhalten oder neue Einrichtungen aufbauen.<\/p>\n<\/div>\n<\/div>\n<\/div>\n<\/div>\n<\/div>\n<\/div>\n<\/div>\n<\/div><div class=\"accordian fusion-accordian\" style=\"--awb-border-size:1px;--awb-icon-size:13px;--awb-content-font-size:16px;--awb-icon-alignment:left;--awb-hover-color:#ffffff;--awb-border-color:#cccccc;--awb-background-color:#ffffff;--awb-divider-color:#e0dede;--awb-divider-hover-color:#e0dede;--awb-icon-color:#ffffff;--awb-title-color:#2e9f58;--awb-content-color:#0d0d0d;--awb-icon-box-color:#333333;--awb-toggle-hover-accent-color:#2e9f58;--awb-title-font-family:&quot;Roboto&quot;;--awb-title-font-weight:500;--awb-title-font-style:normal;--awb-title-font-size:22px;--awb-title-line-height:1.5;--awb-content-font-family:&quot;Roboto&quot;;--awb-content-font-style:normal;--awb-content-font-weight:400;\"><div class=\"panel-group fusion-toggle-icon-boxed\" id=\"accordion-344-1\"><div class=\"fusion-panel panel-default panel-f24c0415d22853e2d fusion-toggle-has-divider\"><div class=\"panel-heading\"><h2 class=\"panel-title toggle\" id=\"toggle_f24c0415d22853e2d\"><a aria-expanded=\"false\" aria-controls=\"f24c0415d22853e2d\" role=\"button\" data-toggle=\"collapse\" data-parent=\"#accordion-344-1\" data-target=\"#f24c0415d22853e2d\" href=\"#f24c0415d22853e2d\"><span class=\"fusion-toggle-icon-wrapper\" aria-hidden=\"true\"><i class=\"fa-fusion-box active-icon awb-icon-minus\" aria-hidden=\"true\"><\/i><i class=\"fa-fusion-box inactive-icon awb-icon-plus\" aria-hidden=\"true\"><\/i><\/span><span class=\"fusion-toggle-heading\">3 gute Gr\u00fcnde f\u00fcr eine Mitgliedschaft<\/span><\/a><\/h2><\/div><div id=\"f24c0415d22853e2d\" class=\"panel-collapse collapse \" aria-labelledby=\"toggle_f24c0415d22853e2d\"><div class=\"panel-body toggle-content fusion-clearfix\"><strong>1. Gutes tun, tut gut:<\/strong> Als gemeinn\u00fctziger sozialer Verein f\u00f6rdern, begleiten und unterst\u00fctzen wir Menschen in der Region. Unsere Angebote richten sich an Menschen jedes Alters \u2013 unabh\u00e4ngig von Herkunft, sozialer Status, Alter, Geschlecht oder religi\u00f6sen Ansichten. Unsere Arbeit funktioniert jedoch nur mit Spenden. Jeder vermeintlich noch so kleine Beitrag verhilft Kindern, Familien und sozial und wirtschaftlich benachteiligten Menschen zu mehr Lebensqualit\u00e4t.<\/p>\n<p><strong>2. Ihre Hilfe kommt direkt an.<\/strong> Absolute Transparenz ist uns wichtig: Sie sollen und werden wissen, wof\u00fcr wir Ihre Beitr\u00e4ge verwenden! Wir berichten regelm\u00e4\u00dfig \u00fcber spendenfinanzierte Projekte in unserem Gesch\u00e4ftsbericht auf unserer Webseite sowie unseren Social-Media-Kan\u00e4len (Facebook und Instagram). Zwei Mal im Jahr senden wir Ihnen eine Brosch\u00fcre mit Berichten aus unseren Einrichtungen und Bereichen. Sie haben zudem die M\u00f6glichkeit, an unserer j\u00e4hrlichen Mitgliederversammlung teilzunehmen und damit transparent zu erfahren, wof\u00fcr Ihr Beitrag verwendet wird.<\/p>\n<p><strong>3. St\u00fctze sein:<\/strong> Als F\u00f6rdermitglied geh\u00f6ren Sie zum Kreis der Familienwerk-Freunde und sind direkter Teil unserer Arbeit. Es gibt <strong>stille Mitglieder,<\/strong> die durch ihren Mitgliedsbeitrag und die Teilnahme an der j\u00e4hrlichen Mitgliederversammlung den Verein unterst\u00fctzen. Mit ihrer Mitgliedschaft setzen Sie sich finanziell f\u00fcr Kinder, Jugendliche und benachteiligte Menschen ein. Die gesellschaftliche Verantwortung steht hier im Vordergrund. Es gibt auch <strong>aktive Mitglieder,<\/strong> die zus\u00e4tzlich ehrenamtlich im Verein engagieren m\u00f6chten. Sprechen Sie uns gern an.<\/div><\/div><\/div><\/div><\/div><div class=\"accordian fusion-accordian\" style=\"--awb-border-size:1px;--awb-icon-size:13px;--awb-content-font-size:16px;--awb-icon-alignment:left;--awb-hover-color:#ffffff;--awb-border-color:#cccccc;--awb-background-color:#ffffff;--awb-divider-color:#e0dede;--awb-divider-hover-color:#e0dede;--awb-icon-color:#ffffff;--awb-title-color:#2e9f58;--awb-content-color:#0d0d0d;--awb-icon-box-color:#333333;--awb-toggle-hover-accent-color:#2e9f58;--awb-title-font-family:&quot;Roboto&quot;;--awb-title-font-weight:500;--awb-title-font-style:normal;--awb-title-font-size:22px;--awb-title-line-height:1.5;--awb-content-font-family:&quot;Roboto&quot;;--awb-content-font-style:normal;--awb-content-font-weight:400;\"><div class=\"panel-group fusion-toggle-icon-boxed\" id=\"accordion-344-2\"><div class=\"fusion-panel panel-default panel-93c243f87c2b09f94 fusion-toggle-has-divider\"><div class=\"panel-heading\"><h4 class=\"panel-title toggle\" id=\"toggle_93c243f87c2b09f94\"><a aria-expanded=\"false\" aria-controls=\"93c243f87c2b09f94\" role=\"button\" data-toggle=\"collapse\" data-parent=\"#accordion-344-2\" data-target=\"#93c243f87c2b09f94\" href=\"#93c243f87c2b09f94\"><span class=\"fusion-toggle-icon-wrapper\" aria-hidden=\"true\"><i class=\"fa-fusion-box active-icon awb-icon-minus\" aria-hidden=\"true\"><\/i><i class=\"fa-fusion-box inactive-icon awb-icon-plus\" aria-hidden=\"true\"><\/i><\/span><span class=\"fusion-toggle-heading\">Fragen und Antworten<\/span><\/a><\/h4><\/div><div id=\"93c243f87c2b09f94\" class=\"panel-collapse collapse \" aria-labelledby=\"toggle_93c243f87c2b09f94\"><div class=\"panel-body toggle-content fusion-clearfix\"><strong>Wie viel kostet die Mitgliedschaft?<\/strong><\/p>\n<p>Mit einem Beitrag von 20 Euro pro Jahr k\u00f6nnen Sie uns unterst\u00fctzen. Selbstverst\u00e4ndlich freuen wir uns auch \u00fcber einen h\u00f6heren, freiwilligen Betrag. Der Mitgliedsbeitrag wird j\u00e4hrlich zum 28. Februar f\u00e4llig.<\/p>\n<p><strong>Wie kann ich bezahlen?<\/strong><\/p>\n<p>Sie k\u00f6nnen uns Ihren Beitrag per SEPA-Einzugserm\u00e4chtigung <a href=\"https:\/\/www.asf-brandenburg.de\/asf_wp\/wp-content\/uploads\/2022\/08\/Einzugsermaechtigung-fuer-die-SEPA-Lastschrift.pdf\" target=\"_blank\" rel=\"noopener\">(PDF als Download)<\/a> oder \u00dcberweisung zukommen lassen. Eine Einzugserm\u00e4chtigung erlaubt uns genauere Planungen und spart Verwaltungskosten. Sie kann von Ihnen jederzeit schriftlich widerrufen werden.<\/p>\n<p><strong>Wohin muss ich \u00fcberweisen?<\/strong><\/p>\n<p>Albert-Schweitzer-Familienwerk Brandenburg e.V.<\/p>\n<p>IBAN: DE31 1805 0000 3610 1004 77<br \/>\nBIC: WELADED1CBN<br \/>\nSparkasse Spree-Nei\u00dfe<\/p>\n<p><strong>Wie kann ich k\u00fcndigen?<\/strong><\/p>\n<p>Sie k\u00f6nnen Ihre Mitgliedschaft j\u00e4hrlich bis zum 31.Oktober k\u00fcndigen.<br \/>\nBitte teilen Sie uns Ihre Austrittserkl\u00e4rung schriftlich mit.<\/p>\n<p><strong>Erhalte ich eine Zuwendungsbest\u00e4tigung?<\/strong><\/p>\n<p>Als Zahlungsnachweis gegen\u00fcber dem Finanzamt ist eine Kopie Ihres Zahlungsbeleges (Quittung, Kopie des Kontoauszuges) ausreichend.<\/p>\n<p><strong>Was passiert mit meinen Daten?<\/strong><\/p>\n<p>Ihre Adressdaten verwenden wir ausschlie\u00dflich im Zusammenhang mit Ihrer F\u00f6rdermitgliedschaft und um Sie zu informieren. Ihre Daten werden nicht an Dritte weitergegeben.<\/div><\/div><\/div><\/div><\/div><div class=\"accordian fusion-accordian\" style=\"--awb-border-size:1px;--awb-icon-size:13px;--awb-content-font-size:16px;--awb-icon-alignment:left;--awb-hover-color:#ffffff;--awb-border-color:#cccccc;--awb-background-color:#ffffff;--awb-divider-color:#e0dede;--awb-divider-hover-color:#e0dede;--awb-icon-color:#ffffff;--awb-title-color:#2e9f58;--awb-content-color:#0d0d0d;--awb-icon-box-color:#333333;--awb-toggle-hover-accent-color:#2e9f58;--awb-title-font-family:&quot;Roboto&quot;;--awb-title-font-weight:500;--awb-title-font-style:normal;--awb-title-font-size:22px;--awb-title-line-height:1.5;--awb-content-font-family:&quot;Roboto&quot;;--awb-content-font-style:normal;--awb-content-font-weight:400;\"><div class=\"panel-group fusion-toggle-icon-boxed\" id=\"accordion-344-3\"><div class=\"fusion-panel panel-default panel-105046aa6f87e140b fusion-toggle-has-divider\" style=\"--awb-title-color:#2e9f58;--awb-content-color:#0d0d0d;\"><div class=\"panel-heading\"><h2 class=\"panel-title toggle\" id=\"toggle_105046aa6f87e140b\"><a aria-expanded=\"false\" aria-controls=\"105046aa6f87e140b\" role=\"button\" data-toggle=\"collapse\" data-parent=\"#accordion-344-3\" data-target=\"#105046aa6f87e140b\" href=\"#105046aa6f87e140b\"><span class=\"fusion-toggle-icon-wrapper\" aria-hidden=\"true\"><i class=\"fa-fusion-box active-icon awb-icon-minus\" aria-hidden=\"true\"><\/i><i class=\"fa-fusion-box inactive-icon awb-icon-plus\" aria-hidden=\"true\"><\/i><\/span><span class=\"fusion-toggle-heading\">Beitreten<\/span><\/a><\/h2><\/div><div id=\"105046aa6f87e140b\" class=\"panel-collapse collapse \" aria-labelledby=\"toggle_105046aa6f87e140b\"><div class=\"panel-body toggle-content fusion-clearfix\">\n<p>Wir freuen uns auf Sie!<\/p>\n<p>Bitte drucken Sie den <a href=\"https:\/\/www.asf-brandenburg.de\/asf_wp\/wp-content\/plugins\/download-attachments\/includes\/download.php?id=6559\" attachment_id=\"6559\" title=\"Aufnahmeantrag f\u00fcr Mitglieder\" class=\"da-download-link da-download-attachment-6559\">Aufnahmeantrag f\u00fcr Mitglieder<\/a> aus und senden oder faxen ihn ausgef\u00fcllt und unterschrieben an:<\/p>\n<p><strong>Albert-Schweitzer-Familienwerk Brandenburg e.V.<\/strong><\/p>\n<p><strong>Bergstra\u00dfe 18<\/strong><br \/>\n<strong>03130 Spremberg<\/strong><\/p>\n<p>oder per <strong>E-Mail<\/strong> an: <a href=\"mailto:info@asf-brandenburg.de\">info@asf-brandenburg.de<\/a><\/p>\n<\/div><\/div><\/div><\/div><\/div><div class=\"accordian fusion-accordian\" style=\"--awb-border-size:1px;--awb-icon-size:13px;--awb-content-font-size:16px;--awb-icon-alignment:left;--awb-hover-color:#ffffff;--awb-border-color:#cccccc;--awb-background-color:#ffffff;--awb-divider-color:#e0dede;--awb-divider-hover-color:#e0dede;--awb-icon-color:#ffffff;--awb-title-color:#2e9f58;--awb-content-color:#0d0d0d;--awb-icon-box-color:#333333;--awb-toggle-hover-accent-color:#2e9f58;--awb-title-font-family:&quot;Roboto&quot;;--awb-title-font-weight:500;--awb-title-font-style:normal;--awb-title-font-size:22px;--awb-title-line-height:1.5;--awb-content-font-family:&quot;Roboto&quot;;--awb-content-font-style:normal;--awb-content-font-weight:400;\"><div class=\"panel-group fusion-toggle-icon-boxed\" id=\"accordion-344-4\"><div class=\"fusion-panel panel-default panel-6a845331685c3f534 fusion-toggle-has-divider\" style=\"--awb-title-color:#2e9f58;--awb-content-color:#0d0d0d;\"><div class=\"panel-heading\"><h4 class=\"panel-title toggle\" id=\"toggle_6a845331685c3f534\"><a aria-expanded=\"false\" aria-controls=\"6a845331685c3f534\" role=\"button\" data-toggle=\"collapse\" data-parent=\"#accordion-344-4\" data-target=\"#6a845331685c3f534\" href=\"#6a845331685c3f534\"><span class=\"fusion-toggle-icon-wrapper\" aria-hidden=\"true\"><i class=\"fa-fusion-box active-icon awb-icon-minus\" aria-hidden=\"true\"><\/i><i class=\"fa-fusion-box inactive-icon awb-icon-plus\" aria-hidden=\"true\"><\/i><\/span><span class=\"fusion-toggle-heading\">Dokumente<\/span><\/a><\/h4><\/div><div id=\"6a845331685c3f534\" class=\"panel-collapse collapse \" aria-labelledby=\"toggle_6a845331685c3f534\"><div class=\"panel-body toggle-content fusion-clearfix\">\n<p><a href=\"https:\/\/www.asf-brandenburg.de\/asf_wp\/wp-content\/uploads\/2023\/02\/Satzung-Stand-08.03.2021-1.pdf\">Satzung des Albert-Schweitzer-Familienwerks Brandenburg e.V.<\/a><\/p>\n<p><a href=\"https:\/\/www.asf-brandenburg.de\/asf_wp\/wp-content\/uploads\/2023\/02\/Aufnahmeantrag-Chormitglieder-2.pdf\">Aufnahmeantrag f\u00fcr Chormitglieder<\/a><\/p>\n<p><a href=\"https:\/\/www.asf-brandenburg.de\/asf_wp\/wp-content\/uploads\/2023\/02\/SEPA-Lastschrift-Mitglieder.pdf\">SEPA-Einzugserm\u00e4chtigung<\/a><\/p>\n<p><a href=\"https:\/\/www.asf-brandenburg.de\/asf_wp\/wp-content\/uploads\/2023\/02\/Widerrufsformular-fuer-das-SEPA-Lastschriftmandat.docx\">Widerruf der SEPA-Einzugserm\u00e4chtigung<\/a><\/p>\n<p><a href=\"https:\/\/www.asf-brandenburg.de\/asf_wp\/datenschutzerklaerung\/\" target=\"_blank\" rel=\"noopener\">Datenschutzbestimmungen<\/a><\/p>\n<\/div><\/div><\/div><\/div><\/div><div class=\"fusion-text fusion-text-2\"><p><span style=\"color: #ffffff;\">d<\/span><\/p>\n<p><span style=\"color: #ffffff;\">d<\/span><br \/>\nSelbstverst\u00e4ndlich beantworten wir gerne Ihre Fragen rund um die Mitgliedschaft.<br \/>\nSie erreichen uns montags bis donnerstags von 08.30 bis 15.30 Uhr und freitags von 08.30 Uhr bis 12.00 Uhr. Ihre Ansprechpartnerinnen:<\/p>\n<p><strong>Jan-Eric Thiel<\/strong><\/p>\n<p>Telefon: 03563 34 88 526<br \/>\nFax: 03563 34 88 521<br \/>\nE-Mail: <a href=\"mailto:buchhaltung@asf-brandenburg.de\">buchhaltung@asf-brandenburg.de<\/a><\/p>\n<p><strong>Lisa Schubert<\/strong><\/p>\n<p>Telefon: 03563 34 88 524<br \/>\nFax: 03563 34 88 521<br \/>\nE-Mail: <a href=\"mailto:finanzen@asf-brandenburg.de\">finanzen@asf-brandenburg.de<\/a><\/p>\n<\/div><\/div><\/main><\/div><\/div>\n","protected":false},"excerpt":{"rendered":"","protected":false},"author":1,"featured_media":0,"parent":0,"menu_order":100,"comment_status":"closed","ping_status":"closed","template":"100-width.php","meta":{"inline_featured_image":false,"footnotes":""},"class_list":["post-344","page","type-page","status-publish","hentry"],"yoast_head":"<!-- This site is optimized with the Yoast SEO plugin v27.5 - https:\/\/yoast.com\/product\/yoast-seo-wordpress\/ -->\n<title>Mitglied werden - Albert-Schweitzer-Familienwerk Brandenburg e.V.<\/title>\n<meta name=\"robots\" content=\"index, follow, max-snippet:-1, max-image-preview:large, max-video-preview:-1\" \/>\n<link rel=\"canonical\" href=\"https:\/\/www.asf-brandenburg.de\/asf_wp\/mitglied-werden\/\" \/>\n<meta property=\"og:locale\" content=\"de_DE\" \/>\n<meta property=\"og:type\" content=\"article\" \/>\n<meta property=\"og:title\" content=\"Mitglied werden - Albert-Schweitzer-Familienwerk Brandenburg e.V.\" \/>\n<meta property=\"og:url\" content=\"https:\/\/www.asf-brandenburg.de\/asf_wp\/mitglied-werden\/\" \/>\n<meta property=\"og:site_name\" content=\"Albert-Schweitzer-Familienwerk Brandenburg e.V.\" \/>\n<meta property=\"article:publisher\" content=\"https:\/\/www.facebook.com\/AlbertSchweitzerFamilienwerkBrandenburg\" \/>\n<meta property=\"article:modified_time\" content=\"2024-03-08T13:44:59+00:00\" \/>\n<meta name=\"twitter:card\" content=\"summary_large_image\" \/>\n<meta name=\"twitter:label1\" content=\"Gesch\u00e4tzte Lesezeit\" \/>\n\t<meta name=\"twitter:data1\" content=\"4\u00a0Minuten\" \/>\n<script type=\"application\/ld+json\" class=\"yoast-schema-graph\">{\"@context\":\"https:\\\/\\\/schema.org\",\"@graph\":[{\"@type\":\"WebPage\",\"@id\":\"https:\\\/\\\/www.asf-brandenburg.de\\\/asf_wp\\\/mitglied-werden\\\/\",\"url\":\"https:\\\/\\\/www.asf-brandenburg.de\\\/asf_wp\\\/mitglied-werden\\\/\",\"name\":\"Mitglied werden - Albert-Schweitzer-Familienwerk Brandenburg e.V.\",\"isPartOf\":{\"@id\":\"https:\\\/\\\/www.asf-brandenburg.de\\\/asf_wp\\\/#website\"},\"datePublished\":\"2019-03-12T08:21:33+00:00\",\"dateModified\":\"2024-03-08T13:44:59+00:00\",\"breadcrumb\":{\"@id\":\"https:\\\/\\\/www.asf-brandenburg.de\\\/asf_wp\\\/mitglied-werden\\\/#breadcrumb\"},\"inLanguage\":\"de\",\"potentialAction\":[{\"@type\":\"ReadAction\",\"target\":[\"https:\\\/\\\/www.asf-brandenburg.de\\\/asf_wp\\\/mitglied-werden\\\/\"]}]},{\"@type\":\"BreadcrumbList\",\"@id\":\"https:\\\/\\\/www.asf-brandenburg.de\\\/asf_wp\\\/mitglied-werden\\\/#breadcrumb\",\"itemListElement\":[{\"@type\":\"ListItem\",\"position\":1,\"name\":\"Startseite\",\"item\":\"https:\\\/\\\/www.asf-brandenburg.de\\\/asf_wp\\\/\"},{\"@type\":\"ListItem\",\"position\":2,\"name\":\"Mitglied werden\"}]},{\"@type\":\"WebSite\",\"@id\":\"https:\\\/\\\/www.asf-brandenburg.de\\\/asf_wp\\\/#website\",\"url\":\"https:\\\/\\\/www.asf-brandenburg.de\\\/asf_wp\\\/\",\"name\":\"Albert-Schweitzer-Kinderd\u00f6rfer und Familienwerke Brandenburg e. V.\",\"description\":\"\",\"publisher\":{\"@id\":\"https:\\\/\\\/www.asf-brandenburg.de\\\/asf_wp\\\/#organization\"},\"potentialAction\":[{\"@type\":\"SearchAction\",\"target\":{\"@type\":\"EntryPoint\",\"urlTemplate\":\"https:\\\/\\\/www.asf-brandenburg.de\\\/asf_wp\\\/?s={search_term_string}\"},\"query-input\":{\"@type\":\"PropertyValueSpecification\",\"valueRequired\":true,\"valueName\":\"search_term_string\"}}],\"inLanguage\":\"de\"},{\"@type\":\"Organization\",\"@id\":\"https:\\\/\\\/www.asf-brandenburg.de\\\/asf_wp\\\/#organization\",\"name\":\"Albert-Schweitzer-Familienwerk Brandenburg e. V.\",\"url\":\"https:\\\/\\\/www.asf-brandenburg.de\\\/asf_wp\\\/\",\"logo\":{\"@type\":\"ImageObject\",\"inLanguage\":\"de\",\"@id\":\"https:\\\/\\\/www.asf-brandenburg.de\\\/asf_wp\\\/#\\\/schema\\\/logo\\\/image\\\/\",\"url\":\"https:\\\/\\\/www.asf-brandenburg.de\\\/asf_wp\\\/wp-content\\\/uploads\\\/2018\\\/08\\\/Logo_ASF_BRB_318x107.png\",\"contentUrl\":\"https:\\\/\\\/www.asf-brandenburg.de\\\/asf_wp\\\/wp-content\\\/uploads\\\/2018\\\/08\\\/Logo_ASF_BRB_318x107.png\",\"width\":318,\"height\":107,\"caption\":\"Albert-Schweitzer-Familienwerk Brandenburg e. V.\"},\"image\":{\"@id\":\"https:\\\/\\\/www.asf-brandenburg.de\\\/asf_wp\\\/#\\\/schema\\\/logo\\\/image\\\/\"},\"sameAs\":[\"https:\\\/\\\/www.facebook.com\\\/AlbertSchweitzerFamilienwerkBrandenburg\",\"https:\\\/\\\/www.youtube.com\\\/@asfbrandenburg\",\"https:\\\/\\\/www.instagram.com\\\/asf_brandenburg\\\/\"]}]}<\/script>\n<!-- \/ Yoast SEO plugin. -->","yoast_head_json":{"title":"Mitglied werden - Albert-Schweitzer-Familienwerk Brandenburg e.V.","robots":{"index":"index","follow":"follow","max-snippet":"max-snippet:-1","max-image-preview":"max-image-preview:large","max-video-preview":"max-video-preview:-1"},"canonical":"https:\/\/www.asf-brandenburg.de\/asf_wp\/mitglied-werden\/","og_locale":"de_DE","og_type":"article","og_title":"Mitglied werden - Albert-Schweitzer-Familienwerk Brandenburg e.V.","og_url":"https:\/\/www.asf-brandenburg.de\/asf_wp\/mitglied-werden\/","og_site_name":"Albert-Schweitzer-Familienwerk Brandenburg e.V.","article_publisher":"https:\/\/www.facebook.com\/AlbertSchweitzerFamilienwerkBrandenburg","article_modified_time":"2024-03-08T13:44:59+00:00","twitter_card":"summary_large_image","twitter_misc":{"Gesch\u00e4tzte Lesezeit":"4\u00a0Minuten"},"schema":{"@context":"https:\/\/schema.org","@graph":[{"@type":"WebPage","@id":"https:\/\/www.asf-brandenburg.de\/asf_wp\/mitglied-werden\/","url":"https:\/\/www.asf-brandenburg.de\/asf_wp\/mitglied-werden\/","name":"Mitglied werden - Albert-Schweitzer-Familienwerk Brandenburg e.V.","isPartOf":{"@id":"https:\/\/www.asf-brandenburg.de\/asf_wp\/#website"},"datePublished":"2019-03-12T08:21:33+00:00","dateModified":"2024-03-08T13:44:59+00:00","breadcrumb":{"@id":"https:\/\/www.asf-brandenburg.de\/asf_wp\/mitglied-werden\/#breadcrumb"},"inLanguage":"de","potentialAction":[{"@type":"ReadAction","target":["https:\/\/www.asf-brandenburg.de\/asf_wp\/mitglied-werden\/"]}]},{"@type":"BreadcrumbList","@id":"https:\/\/www.asf-brandenburg.de\/asf_wp\/mitglied-werden\/#breadcrumb","itemListElement":[{"@type":"ListItem","position":1,"name":"Startseite","item":"https:\/\/www.asf-brandenburg.de\/asf_wp\/"},{"@type":"ListItem","position":2,"name":"Mitglied werden"}]},{"@type":"WebSite","@id":"https:\/\/www.asf-brandenburg.de\/asf_wp\/#website","url":"https:\/\/www.asf-brandenburg.de\/asf_wp\/","name":"Albert-Schweitzer-Kinderd\u00f6rfer und Familienwerke Brandenburg e. V.","description":"","publisher":{"@id":"https:\/\/www.asf-brandenburg.de\/asf_wp\/#organization"},"potentialAction":[{"@type":"SearchAction","target":{"@type":"EntryPoint","urlTemplate":"https:\/\/www.asf-brandenburg.de\/asf_wp\/?s={search_term_string}"},"query-input":{"@type":"PropertyValueSpecification","valueRequired":true,"valueName":"search_term_string"}}],"inLanguage":"de"},{"@type":"Organization","@id":"https:\/\/www.asf-brandenburg.de\/asf_wp\/#organization","name":"Albert-Schweitzer-Familienwerk Brandenburg e. V.","url":"https:\/\/www.asf-brandenburg.de\/asf_wp\/","logo":{"@type":"ImageObject","inLanguage":"de","@id":"https:\/\/www.asf-brandenburg.de\/asf_wp\/#\/schema\/logo\/image\/","url":"https:\/\/www.asf-brandenburg.de\/asf_wp\/wp-content\/uploads\/2018\/08\/Logo_ASF_BRB_318x107.png","contentUrl":"https:\/\/www.asf-brandenburg.de\/asf_wp\/wp-content\/uploads\/2018\/08\/Logo_ASF_BRB_318x107.png","width":318,"height":107,"caption":"Albert-Schweitzer-Familienwerk Brandenburg e. V."},"image":{"@id":"https:\/\/www.asf-brandenburg.de\/asf_wp\/#\/schema\/logo\/image\/"},"sameAs":["https:\/\/www.facebook.com\/AlbertSchweitzerFamilienwerkBrandenburg","https:\/\/www.youtube.com\/@asfbrandenburg","https:\/\/www.instagram.com\/asf_brandenburg\/"]}]}},"_links":{"self":[{"href":"https:\/\/www.asf-brandenburg.de\/asf_wp\/wp-json\/wp\/v2\/pages\/344","targetHints":{"allow":["GET"]}}],"collection":[{"href":"https:\/\/www.asf-brandenburg.de\/asf_wp\/wp-json\/wp\/v2\/pages"}],"about":[{"href":"https:\/\/www.asf-brandenburg.de\/asf_wp\/wp-json\/wp\/v2\/types\/page"}],"author":[{"embeddable":true,"href":"https:\/\/www.asf-brandenburg.de\/asf_wp\/wp-json\/wp\/v2\/users\/1"}],"replies":[{"embeddable":true,"href":"https:\/\/www.asf-brandenburg.de\/asf_wp\/wp-json\/wp\/v2\/comments?post=344"}],"version-history":[{"count":0,"href":"https:\/\/www.asf-brandenburg.de\/asf_wp\/wp-json\/wp\/v2\/pages\/344\/revisions"}],"wp:attachment":[{"href":"https:\/\/www.asf-brandenburg.de\/asf_wp\/wp-json\/wp\/v2\/media?parent=344"}],"curies":[{"name":"wp","href":"https:\/\/api.w.org\/{rel}","templated":true}]}}