{"id":211,"date":"2019-02-26T13:46:41","date_gmt":"2019-02-26T12:46:41","guid":{"rendered":"https:\/\/www.asf-brandenburg.de\/asf_wp\/?page_id=211"},"modified":"2024-01-03T09:42:11","modified_gmt":"2024-01-03T08:42:11","slug":"erziehungs-und-familienberatungsstelle","status":"publish","type":"page","link":"https:\/\/www.asf-brandenburg.de\/asf_wp\/einrichtungen\/erziehungs-und-familienberatungsstelle\/","title":{"rendered":"Erziehungs- und Familienberatungsstelle"},"content":{"rendered":"<div class=\"fusion-fullwidth fullwidth-box fusion-builder-row-1 nonhundred-percent-fullwidth non-hundred-percent-height-scrolling\" style=\"--awb-background-position:left top;--awb-border-sizes-top:0px;--awb-border-sizes-bottom:0px;--awb-border-sizes-left:0px;--awb-border-sizes-right:0px;--awb-border-radius-top-left:0px;--awb-border-radius-top-right:0px;--awb-border-radius-bottom-right:0px;--awb-border-radius-bottom-left:0px;--awb-padding-top:10px;--awb-padding-bottom:0px;--awb-flex-wrap:wrap;\" ><div class=\"fusion-builder-row fusion-row\"><div class=\"fusion-layout-column fusion_builder_column fusion-builder-column-0 fusion_builder_column_1_4 1_4 fusion-one-fourth fusion-column-first fusion-no-small-visibility\" style=\"--awb-bg-blend:overlay;--awb-bg-size:cover;width:22%; margin-right: 4%;\"><div class=\"fusion-column-wrapper fusion-column-has-shadow fusion-flex-column-wrapper-legacy\"><div class=\"fusion-widget-area awb-widget-area-element fusion-widget-area-1 fusion-content-widget-area\" style=\"--awb-title-size:22px;--awb-title-color:#303030;--awb-padding:0px 0px 0px 0px;\">\t\t\t<div class=\"textwidget\"><h3>Einrichtungen<\/h3>\n<\/div>\n\t\t<style type=\"text\/css\" data-id=\"avada-vertical-menu-widget-8\">#avada-vertical-menu-widget-8 > ul.menu { margin-top: -8px; }<\/style><style>#fusion-vertical-menu-widget-avada-vertical-menu-widget-8-nav ul.menu li a {font-size:13px;}<\/style><nav id=\"fusion-vertical-menu-widget-avada-vertical-menu-widget-8-nav\" class=\"fusion-vertical-menu-widget fusion-menu hover left no-border\" aria-label=\"Secondary Navigation: \"><ul id=\"menu-einrichtungen\" class=\"menu\"><li id=\"menu-item-264\" class=\"menu-item menu-item-type-post_type menu-item-object-page menu-item-264\"><a href=\"https:\/\/www.asf-brandenburg.de\/asf_wp\/einrichtungen\/ambulante-erziehungshilfen\/\"><span class=\"link-text\"> Ambulante Erziehungshilfen<\/span><span class=\"arrow\"><\/span><\/a><\/li><li id=\"menu-item-335\" class=\"menu-item menu-item-type-post_type menu-item-object-page menu-item-335\"><a href=\"https:\/\/www.asf-brandenburg.de\/asf_wp\/einrichtungen\/eingliederungshilfe\/\"><span class=\"link-text\"> Eingliederungshilfe<\/span><span class=\"arrow\"><\/span><\/a><\/li><li id=\"menu-item-620\" class=\"menu-item menu-item-type-post_type menu-item-object-page menu-item-620\"><a href=\"https:\/\/www.asf-brandenburg.de\/asf_wp\/einrichtungen\/eltern-kind-gruppe\/\"><span class=\"link-text\"> Eltern-Kind-Gruppe<\/span><span class=\"arrow\"><\/span><\/a><\/li><li id=\"menu-item-265\" class=\"menu-item menu-item-type-post_type menu-item-object-page menu-item-265\"><a href=\"https:\/\/www.asf-brandenburg.de\/asf_wp\/einrichtungen\/erziehungs-und-familienberatungsstelle\/\"><span class=\"link-text\"> Erziehungs- und Familienberatungsstelle<\/span><span class=\"arrow\"><\/span><\/a><\/li><li id=\"menu-item-577\" class=\"menu-item menu-item-type-post_type menu-item-object-page menu-item-577\"><a href=\"https:\/\/www.asf-brandenburg.de\/asf_wp\/einrichtungen\/familientreff-spremberg\/\"><span class=\"link-text\"> Familientreff Spremberg<\/span><span class=\"arrow\"><\/span><\/a><\/li><li id=\"menu-item-579\" class=\"menu-item menu-item-type-post_type menu-item-object-page menu-item-579\"><a href=\"https:\/\/www.asf-brandenburg.de\/asf_wp\/einrichtungen\/familientreff-welzow\/\"><span class=\"link-text\"> Familientreff Welzow<\/span><span class=\"arrow\"><\/span><\/a><\/li><li id=\"menu-item-263\" class=\"menu-item menu-item-type-post_type menu-item-object-page menu-item-263\"><a href=\"https:\/\/www.asf-brandenburg.de\/asf_wp\/einrichtungen\/fruehfoerder-und-beratungsstelle\/\"><span class=\"link-text\"> Fr\u00fchf\u00f6rder- und Beratungsstelle<\/span><span class=\"arrow\"><\/span><\/a><\/li><li id=\"menu-item-613\" class=\"menu-item menu-item-type-post_type menu-item-object-page menu-item-613\"><a href=\"https:\/\/www.asf-brandenburg.de\/asf_wp\/einrichtungen\/hort-sellessen-haidemuehl\/\"><span class=\"link-text\"> Hort Sellessen \/ Haidem\u00fchl<\/span><span class=\"arrow\"><\/span><\/a><\/li><li id=\"menu-item-337\" class=\"menu-item menu-item-type-post_type menu-item-object-page menu-item-337\"><a href=\"https:\/\/www.asf-brandenburg.de\/asf_wp\/einrichtungen\/kiss-spremberg\/\"><span class=\"link-text\"> KISS Spremberg (Kontakt- und Informationsstelle Selbsthilfe)<\/span><span class=\"arrow\"><\/span><\/a><\/li><li id=\"menu-item-980\" class=\"menu-item menu-item-type-post_type menu-item-object-page menu-item-has-children menu-item-980\"><a href=\"https:\/\/www.asf-brandenburg.de\/asf_wp\/einrichtungen\/kita_graustein\/\"><span class=\"link-text\"> Kitas<\/span><span class=\"arrow\"><\/span><\/a><ul class=\"sub-menu\"><li id=\"menu-item-334\" class=\"menu-item menu-item-type-post_type menu-item-object-page menu-item-334\"><a href=\"https:\/\/www.asf-brandenburg.de\/asf_wp\/einrichtungen\/kita_graustein\/\"><span class=\"link-text\"> Kita Graustein<\/span><span class=\"arrow\"><\/span><\/a><\/li><li id=\"menu-item-333\" class=\"menu-item menu-item-type-post_type menu-item-object-page menu-item-333\"><a href=\"https:\/\/www.asf-brandenburg.de\/asf_wp\/einrichtungen\/kita-gross-luja\/\"><span class=\"link-text\"> Kita Gro\u00df Luja<\/span><span class=\"arrow\"><\/span><\/a><\/li><li id=\"menu-item-336\" class=\"menu-item menu-item-type-post_type menu-item-object-page menu-item-336\"><a href=\"https:\/\/www.asf-brandenburg.de\/asf_wp\/einrichtungen\/kita-hummelnest\/\"><span class=\"link-text\"> Kita &#8222;Hummelnest&#8220;<\/span><span class=\"arrow\"><\/span><\/a><\/li><li id=\"menu-item-367\" class=\"menu-item menu-item-type-post_type menu-item-object-page menu-item-367\"><a href=\"https:\/\/www.asf-brandenburg.de\/asf_wp\/einrichtungen\/kita-schwarze-pumpe\/\"><span class=\"link-text\"> Kita Schwarze Pumpe<\/span><span class=\"arrow\"><\/span><\/a><\/li><\/ul><\/li><li id=\"menu-item-586\" class=\"menu-item menu-item-type-post_type menu-item-object-page menu-item-586\"><a href=\"https:\/\/www.asf-brandenburg.de\/asf_wp\/einrichtungen\/offener-jugendtreff-spremberg-2\/\"><span class=\"link-text\"> Offener Jugendtreff Spremberg<\/span><span class=\"arrow\"><\/span><\/a><\/li><li id=\"menu-item-653\" class=\"menu-item menu-item-type-post_type menu-item-object-page menu-item-653\"><a href=\"https:\/\/www.asf-brandenburg.de\/asf_wp\/einrichtungen\/offene-werkstatt-spremberg\/\"><span class=\"link-text\"> Offene Werkstatt Spremberg<\/span><span class=\"arrow\"><\/span><\/a><\/li><li id=\"menu-item-262\" class=\"menu-item menu-item-type-post_type menu-item-object-page menu-item-262\"><a href=\"https:\/\/www.asf-brandenburg.de\/asf_wp\/einrichtungen\/praxis-fuer-logopaedie\/\"><span class=\"link-text\"> Praxis f\u00fcr Logop\u00e4die<\/span><span class=\"arrow\"><\/span><\/a><\/li><li id=\"menu-item-607\" class=\"menu-item menu-item-type-post_type menu-item-object-page menu-item-607\"><a href=\"https:\/\/www.asf-brandenburg.de\/asf_wp\/einrichtungen\/schulsozialarbeit\/\"><span class=\"link-text\"> Schulsozialarbeit<\/span><span class=\"arrow\"><\/span><\/a><\/li><li id=\"menu-item-6021\" class=\"menu-item menu-item-type-post_type menu-item-object-page menu-item-6021\"><a href=\"https:\/\/www.asf-brandenburg.de\/asf_wp\/einrichtungen\/stadtchor-spremberg\/\"><span class=\"link-text\"> Stadtchor Spremberg<\/span><span class=\"arrow\"><\/span><\/a><\/li><li id=\"menu-item-2130\" class=\"menu-item menu-item-type-post_type menu-item-object-page menu-item-has-children menu-item-2130\"><a href=\"https:\/\/www.asf-brandenburg.de\/asf_wp\/einrichtungen\/tafel-projekte\/\"><span class=\"link-text\"> Tafel-Projekte<\/span><span class=\"arrow\"><\/span><\/a><ul class=\"sub-menu\"><li id=\"menu-item-1454\" class=\"menu-item menu-item-type-post_type menu-item-object-page menu-item-1454\"><a href=\"https:\/\/www.asf-brandenburg.de\/asf_wp\/einrichtungen\/tafel-projekte\/tafel-spremberg\/\"><span class=\"link-text\"> Tafel Spremberg<\/span><span class=\"arrow\"><\/span><\/a><\/li><li id=\"menu-item-2135\" class=\"menu-item menu-item-type-post_type menu-item-object-page menu-item-2135\"><a href=\"https:\/\/www.asf-brandenburg.de\/asf_wp\/einrichtungen\/tafel-projekte\/tafel-cottbus\/\"><span class=\"link-text\"> Tafel Cottbus<\/span><span class=\"arrow\"><\/span><\/a><\/li><li id=\"menu-item-2134\" class=\"menu-item menu-item-type-post_type menu-item-object-page menu-item-2134\"><a href=\"https:\/\/www.asf-brandenburg.de\/asf_wp\/einrichtungen\/tafel-projekte\/tafel-welzow\/\"><span class=\"link-text\"> Tafel Welzow<\/span><span class=\"arrow\"><\/span><\/a><\/li><li id=\"menu-item-2133\" class=\"menu-item menu-item-type-post_type menu-item-object-page menu-item-2133\"><a href=\"https:\/\/www.asf-brandenburg.de\/asf_wp\/einrichtungen\/tafel-projekte\/tafel-drebkau\/\"><span class=\"link-text\"> Tafel Drebkau<\/span><span class=\"arrow\"><\/span><\/a><\/li><li id=\"menu-item-2132\" class=\"menu-item menu-item-type-post_type menu-item-object-page menu-item-2132\"><a href=\"https:\/\/www.asf-brandenburg.de\/asf_wp\/einrichtungen\/tafel-projekte\/tafel-luckau-mit-ausgabestelle-golssen\/\"><span class=\"link-text\"> Tafel Luckau mit Ausgabestelle Gol\u00dfen<\/span><span class=\"arrow\"><\/span><\/a><\/li><li id=\"menu-item-2131\" class=\"menu-item menu-item-type-post_type menu-item-object-page menu-item-2131\"><a href=\"https:\/\/www.asf-brandenburg.de\/asf_wp\/einrichtungen\/tafel-projekte\/tafel-luebben\/\"><span class=\"link-text\"> Tafel L\u00fcbben<\/span><span class=\"arrow\"><\/span><\/a><\/li><\/ul><\/li><li id=\"menu-item-652\" class=\"menu-item menu-item-type-post_type menu-item-object-page menu-item-652\"><a href=\"https:\/\/www.asf-brandenburg.de\/asf_wp\/einrichtungen\/tages-und-ferienbetreuung\/\"><span class=\"link-text\"> Tages- und Ferienbetreuung<\/span><span class=\"arrow\"><\/span><\/a><\/li><li id=\"menu-item-338\" class=\"menu-item menu-item-type-post_type menu-item-object-page menu-item-338\"><a href=\"https:\/\/www.asf-brandenburg.de\/asf_wp\/einrichtungen\/taeter-opfer-ausgleich\/\"><span class=\"link-text\"> Vermittlungsstelle T\u00e4ter-Opfer-Ausgleich<\/span><span class=\"arrow\"><\/span><\/a><\/li><\/ul><\/nav>Get Social\n\t\t<div class=\"fusion-social-networks\">\n\n\t\t\t<div class=\"fusion-social-networks-wrapper\">\n\t\t\t\t\t\t\t\t\t\t\t\t\n\t\t\t<\/div>\n\t\t<\/div>\n\n\t\t<div class=\"fusion-additional-widget-content\"><\/div><\/div><div class=\"fusion-clearfix\"><\/div><\/div><\/div>\n<div class=\"fusion-layout-column fusion_builder_column fusion-builder-column-1 fusion_builder_column_3_4 3_4 fusion-three-fourth fusion-column-last\" style=\"--awb-bg-size:cover;width:74%;\"><div class=\"fusion-column-wrapper fusion-flex-column-wrapper-legacy\"><div class=\"fusion-image-element in-legacy-container\" style=\"--awb-caption-title-font-family:var(--h2_typography-font-family);--awb-caption-title-font-weight:var(--h2_typography-font-weight);--awb-caption-title-font-style:var(--h2_typography-font-style);--awb-caption-title-size:var(--h2_typography-font-size);--awb-caption-title-transform:var(--h2_typography-text-transform);--awb-caption-title-line-height:var(--h2_typography-line-height);--awb-caption-title-letter-spacing:var(--h2_typography-letter-spacing);\"><span class=\" fusion-imageframe imageframe-dropshadow imageframe-1 hover-type-none\" style=\"-webkit-box-shadow: 3px 3px 7px rgba(0,0,0,0.3);box-shadow: 3px 3px 7px rgba(0,0,0,0.3);\"><img decoding=\"async\" width=\"960\" height=\"356\" alt=\"Erziehungs- und Familienberatungsstelle\" title=\"Erziehungs- und Familienberatungsstellei\" src=\"https:\/\/www.asf-brandenburg.de\/asf_wp\/wp-content\/uploads\/2020\/02\/Erziehungs-und-Familienberatungsstellei.jpg\" class=\"img-responsive wp-image-1779\" srcset=\"https:\/\/www.asf-brandenburg.de\/asf_wp\/wp-content\/uploads\/2020\/02\/Erziehungs-und-Familienberatungsstellei-200x74.jpg 200w, https:\/\/www.asf-brandenburg.de\/asf_wp\/wp-content\/uploads\/2020\/02\/Erziehungs-und-Familienberatungsstellei-400x148.jpg 400w, https:\/\/www.asf-brandenburg.de\/asf_wp\/wp-content\/uploads\/2020\/02\/Erziehungs-und-Familienberatungsstellei-600x223.jpg 600w, https:\/\/www.asf-brandenburg.de\/asf_wp\/wp-content\/uploads\/2020\/02\/Erziehungs-und-Familienberatungsstellei-800x297.jpg 800w, https:\/\/www.asf-brandenburg.de\/asf_wp\/wp-content\/uploads\/2020\/02\/Erziehungs-und-Familienberatungsstellei.jpg 960w\" sizes=\"(max-width: 800px) 100vw, 960px\" \/><\/span><\/div><div class=\"fusion-sep-clear\"><\/div><div class=\"fusion-separator fusion-full-width-sep\" style=\"margin-left: auto;margin-right: auto;margin-top:15px;margin-bottom:0px;width:100%;\"><\/div><div class=\"fusion-sep-clear\"><\/div><div class=\"fusion-title title fusion-title-1 fusion-sep-none fusion-title-text fusion-title-size-one\" style=\"--awb-margin-top:70px;--awb-margin-bottom:20px;--awb-margin-top-small:0px;--awb-margin-right-small:0px;--awb-margin-bottom-small:20px;--awb-margin-left-small:0px;\"><h1 class=\"fusion-title-heading title-heading-left fusion-responsive-typography-calculated\" style=\"margin:0;--fontSize:35;line-height:1.4;\">Erziehungs- und Familienberatungsstelle<\/h1><\/div><div class=\"fusion-text fusion-text-1\"><p><span id=\"zitat\" class=\"zitat\">\u00bbMan muss etwas, und sei es noch so wenig, f\u00fcr diejenigen tun, die Hilfe brauchen, etwas, was keinen Lohn bringt, sondern Freude, es tun zu d\u00fcrfen.\u00ab<\/span><br \/>\nAlbert Schweitzer<\/p>\n<\/div><div class=\"fusion-builder-row fusion-builder-row-inner fusion-row\"><div class=\"fusion-layout-column fusion_builder_column_inner fusion-builder-nested-column-0 fusion_builder_column_inner_2_3 2_3 fusion-two-third fusion-column-first\" style=\"--awb-bg-size:cover;width:66.6666666667%;width:calc(66.6666666667% - ( ( 4% ) * 0.666666666667 ) );margin-right: 4%;\"><div class=\"fusion-column-wrapper fusion-flex-column-wrapper-legacy\"><div class=\"fusion-text fusion-text-2\"><h4>Wer kann zu uns kommen?<\/h4>\n<ul>\n<li>Kinder, Jugendliche und junge Erwachsene<\/li>\n<li>Paare, Eltern ( auch Adoptiv- und Pflegeeltern) und Familien<\/li>\n<li>Erwachsene, die mit Kindern und Jugendlichen zu tun haben<\/li>\n<\/ul>\n<h4>Wof\u00fcr sind wir da?<\/h4>\n<p>Sie k\u00f6nnen sich mit diesen oder \u00e4hnlichen Problemen an uns wenden:<\/p>\n<ul>\n<li>Fragen zur Erziehung und zu Erziehungsschwierigkeiten<\/li>\n<li>Entwicklungs- und Verhaltensauff\u00e4lligkeiten sowie emotionale Probleme von Kindern und Jugendlichen<\/li>\n<li>Lern- und Leistungsschwierigkeiten<\/li>\n<li>Beziehungs- und Kommunikationsprobleme in der Familie<\/li>\n<li>Trennung und Scheidung<\/li>\n<li>famili\u00e4re Belastungen durch Krisensituationen<\/li>\n<li>Fragen zum Umgangsrecht\/ Betreuter Umgang<\/li>\n<\/ul>\n<h4>Was bieten wir an?<\/h4>\n<ul>\n<li>Familien- und Elternberatung<\/li>\n<li>Jugendberatung<\/li>\n<li>Gruppen f\u00fcr Kinder<\/li>\n<li>themenzentrierte Elternabende in Kitas und Schulen<\/li>\n<li>kollegiale Beratung p\u00e4dagogischer Fachkr\u00e4fte<\/li>\n<\/ul>\n<h4>Was machen wir?<\/h4>\n<p>In den Gespr\u00e4chen mit uns k\u00f6nnen Sie Ihre Sorgen und N\u00f6te ansprechen. Wir wollen mit Ihnen gemeinsam herausfinden, welche Wege Sie gehen k\u00f6nnen, um mit Ihren Problemen besser fertig zu werden. Die Beratung erfolgt kostenlos, auf freiwilliger Basis und unabh\u00e4ngig von politischen, weltanschaulichen oder religi\u00f6sen Einstellungen. Wir versichern Ihnen, dass wir mit Ihren Problemen vertrauensvoll umgehen. Jeder unserer Mitarbeiter unterliegt der Schweigepflicht.<\/p>\n<\/div><div class=\"fusion-clearfix\"><\/div><\/div><\/div><div class=\"fusion-layout-column fusion_builder_column_inner fusion-builder-nested-column-1 fusion_builder_column_inner_1_3 1_3 fusion-one-third fusion-column-last\" style=\"--awb-bg-size:cover;--awb-margin-top:10px;width:33.3333333333%;width:calc(33.3333333333% - ( ( 4% ) * 0.333333333333 ) );\"><div class=\"fusion-column-wrapper fusion-flex-column-wrapper-legacy\"><div class=\"fusion-reading-box-container reading-box-container-1\" style=\"--awb-title-color:#303030;--awb-margin-top:0px;--awb-margin-bottom:84px;\"><div class=\"reading-box\" style=\"background-color:#f6f6f6;border-width:0px;border-color:#2e9f58;border-right-width:3px;border-right-color:var(--primary_color);border-style:solid;\"><h2>Kontakt<\/h2><div class=\"reading-box-additional fusion-reading-box-additional\">\n<p><strong>Erziehungs- und Familienberatungsstelle<\/strong><br \/>\n<b>ASF Familienzentrum<\/b><br \/>\nBergstra\u00dfe 18<br \/>\n03130 Spremberg<\/p>\n<p>Tel.: 03563 34 88 53 1<br \/>\nFax.: 03563 34 88 52 1<br \/>\nE-Mail: <a href=\"mailto:efb@asf-brandenburg.de\">efb@asf-brandenburg.de<\/a><\/p>\n<p><b>Ansprechpartnerin<\/b><br \/>\nFrau Simone Hauff<br \/>\n<i>Leiterin<\/i><\/p>\n<p><strong>Au\u00dfenstelle Welzow<\/strong><br \/>\nAlte Dorfschule Welzow<br \/>\nSchulstra\u00dfe 6<br \/>\n03119 Welzow<\/p>\n<p><strong>Erreichbarkeit<\/strong><\/p>\n<p>Anmeldungen f\u00fcr Erstgespr\u00e4che nehmen wir telefonisch oder pers\u00f6nlich entgegen von Mo. &#8211; Do. 13.30 &#8211; 15.30 Uhr.<\/p>\n<p>Beratungstermine vereinbaren wir individuell und unabh\u00e4ngig von den Anmeldezeiten.<br \/>\nTelefon: 03563 34 88 53 1, ein Anrufbeantworter ist geschaltet.<\/p>\n<\/div><div class=\"fusion-clearfix\"><\/div><\/div><\/div><div class=\"fusion-clearfix\"><\/div><\/div><\/div><\/div><div class=\"fusion-clearfix\"><\/div><\/div><\/div><\/div><\/div>\n","protected":false},"excerpt":{"rendered":"","protected":false},"author":1,"featured_media":0,"parent":396,"menu_order":403,"comment_status":"closed","ping_status":"closed","template":"100-width.php","meta":{"inline_featured_image":false,"footnotes":""},"class_list":["post-211","page","type-page","status-publish","hentry"],"yoast_head":"<!-- This site is optimized with the Yoast SEO plugin v27.5 - https:\/\/yoast.com\/product\/yoast-seo-wordpress\/ -->\n<title>Erziehungs- und Familienberatungsstelle - Albert-Schweitzer-Familienwerk Brandenburg e.V.<\/title>\n<meta name=\"description\" content=\"Erziehungs- und Familienberatungsstelle des Albert-Schweitzer-Familienwerkes Brandenburg e.V.\" \/>\n<meta name=\"robots\" content=\"index, follow, max-snippet:-1, max-image-preview:large, max-video-preview:-1\" \/>\n<link rel=\"canonical\" href=\"https:\/\/www.asf-brandenburg.de\/asf_wp\/einrichtungen\/erziehungs-und-familienberatungsstelle\/\" \/>\n<meta property=\"og:locale\" content=\"de_DE\" \/>\n<meta property=\"og:type\" content=\"article\" \/>\n<meta property=\"og:title\" content=\"Erziehungs- und Familienberatungsstelle - Albert-Schweitzer-Familienwerk Brandenburg e.V.\" \/>\n<meta property=\"og:description\" content=\"Erziehungs- und Familienberatungsstelle des Albert-Schweitzer-Familienwerkes Brandenburg e.V.\" \/>\n<meta property=\"og:url\" content=\"https:\/\/www.asf-brandenburg.de\/asf_wp\/einrichtungen\/erziehungs-und-familienberatungsstelle\/\" \/>\n<meta property=\"og:site_name\" content=\"Albert-Schweitzer-Familienwerk Brandenburg e.V.\" \/>\n<meta property=\"article:publisher\" content=\"https:\/\/www.facebook.com\/AlbertSchweitzerFamilienwerkBrandenburg\" \/>\n<meta property=\"article:modified_time\" content=\"2024-01-03T08:42:11+00:00\" \/>\n<meta name=\"twitter:card\" content=\"summary_large_image\" \/>\n<meta name=\"twitter:label1\" content=\"Gesch\u00e4tzte Lesezeit\" \/>\n\t<meta name=\"twitter:data1\" content=\"3\u00a0Minuten\" \/>\n<script type=\"application\/ld+json\" class=\"yoast-schema-graph\">{\"@context\":\"https:\\\/\\\/schema.org\",\"@graph\":[{\"@type\":\"WebPage\",\"@id\":\"https:\\\/\\\/www.asf-brandenburg.de\\\/asf_wp\\\/einrichtungen\\\/erziehungs-und-familienberatungsstelle\\\/\",\"url\":\"https:\\\/\\\/www.asf-brandenburg.de\\\/asf_wp\\\/einrichtungen\\\/erziehungs-und-familienberatungsstelle\\\/\",\"name\":\"Erziehungs- und Familienberatungsstelle - Albert-Schweitzer-Familienwerk Brandenburg e.V.\",\"isPartOf\":{\"@id\":\"https:\\\/\\\/www.asf-brandenburg.de\\\/asf_wp\\\/#website\"},\"datePublished\":\"2019-02-26T12:46:41+00:00\",\"dateModified\":\"2024-01-03T08:42:11+00:00\",\"description\":\"Erziehungs- und Familienberatungsstelle des Albert-Schweitzer-Familienwerkes Brandenburg e.V.\",\"breadcrumb\":{\"@id\":\"https:\\\/\\\/www.asf-brandenburg.de\\\/asf_wp\\\/einrichtungen\\\/erziehungs-und-familienberatungsstelle\\\/#breadcrumb\"},\"inLanguage\":\"de\",\"potentialAction\":[{\"@type\":\"ReadAction\",\"target\":[\"https:\\\/\\\/www.asf-brandenburg.de\\\/asf_wp\\\/einrichtungen\\\/erziehungs-und-familienberatungsstelle\\\/\"]}]},{\"@type\":\"BreadcrumbList\",\"@id\":\"https:\\\/\\\/www.asf-brandenburg.de\\\/asf_wp\\\/einrichtungen\\\/erziehungs-und-familienberatungsstelle\\\/#breadcrumb\",\"itemListElement\":[{\"@type\":\"ListItem\",\"position\":1,\"name\":\"Startseite\",\"item\":\"https:\\\/\\\/www.asf-brandenburg.de\\\/asf_wp\\\/\"},{\"@type\":\"ListItem\",\"position\":2,\"name\":\"Angebote\",\"item\":\"https:\\\/\\\/www.asf-brandenburg.de\\\/asf_wp\\\/einrichtungen\\\/\"},{\"@type\":\"ListItem\",\"position\":3,\"name\":\"Erziehungs- und Familienberatungsstelle\"}]},{\"@type\":\"WebSite\",\"@id\":\"https:\\\/\\\/www.asf-brandenburg.de\\\/asf_wp\\\/#website\",\"url\":\"https:\\\/\\\/www.asf-brandenburg.de\\\/asf_wp\\\/\",\"name\":\"Albert-Schweitzer-Kinderd\u00f6rfer und Familienwerke Brandenburg e. V.\",\"description\":\"\",\"publisher\":{\"@id\":\"https:\\\/\\\/www.asf-brandenburg.de\\\/asf_wp\\\/#organization\"},\"potentialAction\":[{\"@type\":\"SearchAction\",\"target\":{\"@type\":\"EntryPoint\",\"urlTemplate\":\"https:\\\/\\\/www.asf-brandenburg.de\\\/asf_wp\\\/?s={search_term_string}\"},\"query-input\":{\"@type\":\"PropertyValueSpecification\",\"valueRequired\":true,\"valueName\":\"search_term_string\"}}],\"inLanguage\":\"de\"},{\"@type\":\"Organization\",\"@id\":\"https:\\\/\\\/www.asf-brandenburg.de\\\/asf_wp\\\/#organization\",\"name\":\"Albert-Schweitzer-Familienwerk Brandenburg e. V.\",\"url\":\"https:\\\/\\\/www.asf-brandenburg.de\\\/asf_wp\\\/\",\"logo\":{\"@type\":\"ImageObject\",\"inLanguage\":\"de\",\"@id\":\"https:\\\/\\\/www.asf-brandenburg.de\\\/asf_wp\\\/#\\\/schema\\\/logo\\\/image\\\/\",\"url\":\"https:\\\/\\\/www.asf-brandenburg.de\\\/asf_wp\\\/wp-content\\\/uploads\\\/2018\\\/08\\\/Logo_ASF_BRB_318x107.png\",\"contentUrl\":\"https:\\\/\\\/www.asf-brandenburg.de\\\/asf_wp\\\/wp-content\\\/uploads\\\/2018\\\/08\\\/Logo_ASF_BRB_318x107.png\",\"width\":318,\"height\":107,\"caption\":\"Albert-Schweitzer-Familienwerk Brandenburg e. V.\"},\"image\":{\"@id\":\"https:\\\/\\\/www.asf-brandenburg.de\\\/asf_wp\\\/#\\\/schema\\\/logo\\\/image\\\/\"},\"sameAs\":[\"https:\\\/\\\/www.facebook.com\\\/AlbertSchweitzerFamilienwerkBrandenburg\",\"https:\\\/\\\/www.youtube.com\\\/@asfbrandenburg\",\"https:\\\/\\\/www.instagram.com\\\/asf_brandenburg\\\/\"]}]}<\/script>\n<!-- \/ Yoast SEO plugin. -->","yoast_head_json":{"title":"Erziehungs- und Familienberatungsstelle - Albert-Schweitzer-Familienwerk Brandenburg e.V.","description":"Erziehungs- und Familienberatungsstelle des Albert-Schweitzer-Familienwerkes Brandenburg e.V.","robots":{"index":"index","follow":"follow","max-snippet":"max-snippet:-1","max-image-preview":"max-image-preview:large","max-video-preview":"max-video-preview:-1"},"canonical":"https:\/\/www.asf-brandenburg.de\/asf_wp\/einrichtungen\/erziehungs-und-familienberatungsstelle\/","og_locale":"de_DE","og_type":"article","og_title":"Erziehungs- und Familienberatungsstelle - Albert-Schweitzer-Familienwerk Brandenburg e.V.","og_description":"Erziehungs- und Familienberatungsstelle des Albert-Schweitzer-Familienwerkes Brandenburg e.V.","og_url":"https:\/\/www.asf-brandenburg.de\/asf_wp\/einrichtungen\/erziehungs-und-familienberatungsstelle\/","og_site_name":"Albert-Schweitzer-Familienwerk Brandenburg e.V.","article_publisher":"https:\/\/www.facebook.com\/AlbertSchweitzerFamilienwerkBrandenburg","article_modified_time":"2024-01-03T08:42:11+00:00","twitter_card":"summary_large_image","twitter_misc":{"Gesch\u00e4tzte Lesezeit":"3\u00a0Minuten"},"schema":{"@context":"https:\/\/schema.org","@graph":[{"@type":"WebPage","@id":"https:\/\/www.asf-brandenburg.de\/asf_wp\/einrichtungen\/erziehungs-und-familienberatungsstelle\/","url":"https:\/\/www.asf-brandenburg.de\/asf_wp\/einrichtungen\/erziehungs-und-familienberatungsstelle\/","name":"Erziehungs- und Familienberatungsstelle - Albert-Schweitzer-Familienwerk Brandenburg e.V.","isPartOf":{"@id":"https:\/\/www.asf-brandenburg.de\/asf_wp\/#website"},"datePublished":"2019-02-26T12:46:41+00:00","dateModified":"2024-01-03T08:42:11+00:00","description":"Erziehungs- und Familienberatungsstelle des Albert-Schweitzer-Familienwerkes Brandenburg e.V.","breadcrumb":{"@id":"https:\/\/www.asf-brandenburg.de\/asf_wp\/einrichtungen\/erziehungs-und-familienberatungsstelle\/#breadcrumb"},"inLanguage":"de","potentialAction":[{"@type":"ReadAction","target":["https:\/\/www.asf-brandenburg.de\/asf_wp\/einrichtungen\/erziehungs-und-familienberatungsstelle\/"]}]},{"@type":"BreadcrumbList","@id":"https:\/\/www.asf-brandenburg.de\/asf_wp\/einrichtungen\/erziehungs-und-familienberatungsstelle\/#breadcrumb","itemListElement":[{"@type":"ListItem","position":1,"name":"Startseite","item":"https:\/\/www.asf-brandenburg.de\/asf_wp\/"},{"@type":"ListItem","position":2,"name":"Angebote","item":"https:\/\/www.asf-brandenburg.de\/asf_wp\/einrichtungen\/"},{"@type":"ListItem","position":3,"name":"Erziehungs- und Familienberatungsstelle"}]},{"@type":"WebSite","@id":"https:\/\/www.asf-brandenburg.de\/asf_wp\/#website","url":"https:\/\/www.asf-brandenburg.de\/asf_wp\/","name":"Albert-Schweitzer-Kinderd\u00f6rfer und Familienwerke Brandenburg e. V.","description":"","publisher":{"@id":"https:\/\/www.asf-brandenburg.de\/asf_wp\/#organization"},"potentialAction":[{"@type":"SearchAction","target":{"@type":"EntryPoint","urlTemplate":"https:\/\/www.asf-brandenburg.de\/asf_wp\/?s={search_term_string}"},"query-input":{"@type":"PropertyValueSpecification","valueRequired":true,"valueName":"search_term_string"}}],"inLanguage":"de"},{"@type":"Organization","@id":"https:\/\/www.asf-brandenburg.de\/asf_wp\/#organization","name":"Albert-Schweitzer-Familienwerk Brandenburg e. V.","url":"https:\/\/www.asf-brandenburg.de\/asf_wp\/","logo":{"@type":"ImageObject","inLanguage":"de","@id":"https:\/\/www.asf-brandenburg.de\/asf_wp\/#\/schema\/logo\/image\/","url":"https:\/\/www.asf-brandenburg.de\/asf_wp\/wp-content\/uploads\/2018\/08\/Logo_ASF_BRB_318x107.png","contentUrl":"https:\/\/www.asf-brandenburg.de\/asf_wp\/wp-content\/uploads\/2018\/08\/Logo_ASF_BRB_318x107.png","width":318,"height":107,"caption":"Albert-Schweitzer-Familienwerk Brandenburg e. V."},"image":{"@id":"https:\/\/www.asf-brandenburg.de\/asf_wp\/#\/schema\/logo\/image\/"},"sameAs":["https:\/\/www.facebook.com\/AlbertSchweitzerFamilienwerkBrandenburg","https:\/\/www.youtube.com\/@asfbrandenburg","https:\/\/www.instagram.com\/asf_brandenburg\/"]}]}},"_links":{"self":[{"href":"https:\/\/www.asf-brandenburg.de\/asf_wp\/wp-json\/wp\/v2\/pages\/211","targetHints":{"allow":["GET"]}}],"collection":[{"href":"https:\/\/www.asf-brandenburg.de\/asf_wp\/wp-json\/wp\/v2\/pages"}],"about":[{"href":"https:\/\/www.asf-brandenburg.de\/asf_wp\/wp-json\/wp\/v2\/types\/page"}],"author":[{"embeddable":true,"href":"https:\/\/www.asf-brandenburg.de\/asf_wp\/wp-json\/wp\/v2\/users\/1"}],"replies":[{"embeddable":true,"href":"https:\/\/www.asf-brandenburg.de\/asf_wp\/wp-json\/wp\/v2\/comments?post=211"}],"version-history":[{"count":0,"href":"https:\/\/www.asf-brandenburg.de\/asf_wp\/wp-json\/wp\/v2\/pages\/211\/revisions"}],"up":[{"embeddable":true,"href":"https:\/\/www.asf-brandenburg.de\/asf_wp\/wp-json\/wp\/v2\/pages\/396"}],"wp:attachment":[{"href":"https:\/\/www.asf-brandenburg.de\/asf_wp\/wp-json\/wp\/v2\/media?parent=211"}],"curies":[{"name":"wp","href":"https:\/\/api.w.org\/{rel}","templated":true}]}}